{"id":2039,"date":"2024-12-20T11:39:58","date_gmt":"2024-12-20T10:39:58","guid":{"rendered":"https:\/\/www.fondation-minou-amir-aslani.com\/?page_id=2039"},"modified":"2024-12-20T11:51:59","modified_gmt":"2024-12-20T10:51:59","slug":"gouvernance","status":"publish","type":"page","link":"https:\/\/www.fondation-minou-amir-aslani.com\/en\/la-fondation\/gouvernance\/","title":{"rendered":"Administration"},"content":{"rendered":"<div data-elementor-type=\"wp-page\" data-elementor-id=\"2039\" class=\"elementor elementor-2039\" data-elementor-post-type=\"page\">\n\t\t\t\t\t\t<section class=\"elementor-section elementor-top-section elementor-element elementor-element-c1430ea elementor-section-height-min-height elementor-section-items-stretch elementor-section-content-top elementor-section-full_width elementor-section-height-default\" data-id=\"c1430ea\" data-element_type=\"section\" data-e-type=\"section\" data-settings=\"{&quot;background_background&quot;:&quot;classic&quot;}\">\n\t\t\t\t\t\t<div class=\"elementor-container elementor-column-gap-no\">\n\t\t\t\t\t<div class=\"elementor-column elementor-col-100 elementor-top-column elementor-element elementor-element-37cd22fe\" data-id=\"37cd22fe\" data-element_type=\"column\" data-e-type=\"column\">\n\t\t\t<div class=\"elementor-widget-wrap elementor-element-populated\">\n\t\t\t\t\t\t<section class=\"elementor-section elementor-inner-section elementor-element elementor-element-3b003895 elementor-section-boxed elementor-section-height-default elementor-section-height-default\" data-id=\"3b003895\" data-element_type=\"section\" data-e-type=\"section\">\n\t\t\t\t\t\t<div class=\"elementor-container elementor-column-gap-no\">\n\t\t\t\t\t<div class=\"elementor-column elementor-col-100 elementor-inner-column elementor-element elementor-element-4fd76805\" data-id=\"4fd76805\" data-element_type=\"column\" data-e-type=\"column\">\n\t\t\t<div class=\"elementor-widget-wrap elementor-element-populated\">\n\t\t\t\t\t\t<div class=\"elementor-element elementor-element-5bf4e209 elementor-widget elementor-widget-spacer\" data-id=\"5bf4e209\" data-element_type=\"widget\" data-e-type=\"widget\" data-widget_type=\"spacer.default\">\n\t\t\t\t<div class=\"elementor-widget-container\">\n\t\t\t\t\t\t\t<div class=\"elementor-spacer\">\n\t\t\t<div class=\"elementor-spacer-inner\"><\/div>\n\t\t<\/div>\n\t\t\t\t\t\t<\/div>\n\t\t\t\t<\/div>\n\t\t\t\t<div class=\"elementor-element elementor-element-7c9ac89b elementor-invisible elementor-widget elementor-widget-heading\" data-id=\"7c9ac89b\" data-element_type=\"widget\" data-e-type=\"widget\" data-settings=\"{&quot;_animation&quot;:&quot;fadeIn&quot;}\" data-widget_type=\"heading.default\">\n\t\t\t\t<div class=\"elementor-widget-container\">\n\t\t\t\t\t<h1 class=\"elementor-heading-title elementor-size-default\">Administration<\/h1>\t\t\t\t<\/div>\n\t\t\t\t<\/div>\n\t\t\t\t<div class=\"elementor-element elementor-element-547d95c6 elementor-widget-divider--view-line elementor-invisible elementor-widget elementor-widget-divider\" data-id=\"547d95c6\" data-element_type=\"widget\" data-e-type=\"widget\" data-settings=\"{&quot;_animation&quot;:&quot;fadeIn&quot;,&quot;_animation_delay&quot;:&quot;200&quot;}\" data-widget_type=\"divider.default\">\n\t\t\t\t<div class=\"elementor-widget-container\">\n\t\t\t\t\t\t\t<div class=\"elementor-divider\">\n\t\t\t<span class=\"elementor-divider-separator\">\n\t\t\t\t\t\t<\/span>\n\t\t<\/div>\n\t\t\t\t\t\t<\/div>\n\t\t\t\t<\/div>\n\t\t\t\t<div class=\"elementor-element elementor-element-5f6baeff elementor-invisible elementor-widget elementor-widget-heading\" data-id=\"5f6baeff\" data-element_type=\"widget\" data-e-type=\"widget\" data-settings=\"{&quot;_animation&quot;:&quot;fadeIn&quot;,&quot;_animation_delay&quot;:&quot;400&quot;}\" data-widget_type=\"heading.default\">\n\t\t\t\t<div class=\"elementor-widget-container\">\n\t\t\t\t\t<h2 class=\"elementor-heading-title elementor-size-default\">Un Conseil d'administration engag\u00e9 pour le rayonnement de la Fondation<\/h2>\t\t\t\t<\/div>\n\t\t\t\t<\/div>\n\t\t\t\t<div class=\"elementor-element elementor-element-9543f74 elementor-invisible elementor-widget elementor-widget-heading\" data-id=\"9543f74\" data-element_type=\"widget\" data-e-type=\"widget\" data-settings=\"{&quot;_animation&quot;:&quot;fadeIn&quot;,&quot;_animation_delay&quot;:&quot;400&quot;}\" data-widget_type=\"heading.default\">\n\t\t\t\t<div class=\"elementor-widget-container\">\n\t\t\t\t\t<p class=\"elementor-heading-title elementor-size-default\">La Fondation Minou Amir-Aslani est administr\u00e9e par un Conseil d'administration compos\u00e9 de deux coll\u00e8ges paritaires, chacun constitu\u00e9 de cinq membres. Ce Conseil refl\u00e8te la collaboration entre des repr\u00e9sentants de l'Institut de France et des personnalit\u00e9s choisies par le Fondateur, Ma\u00eetre Ardavan Amir-Aslani. Ensemble, ils \u0153uvrent pour perp\u00e9tuer la m\u00e9moire et les valeurs de Minou Amir-Aslani, en soutenant des initiatives philanthropiques et culturelles en faveur de l'\u00e9ducation, des arts, et de la pr\u00e9servation du patrimoine.<\/p>\t\t\t\t<\/div>\n\t\t\t\t<\/div>\n\t\t\t\t\t<\/div>\n\t\t<\/div>\n\t\t\t\t\t<\/div>\n\t\t<\/section>\n\t\t\t\t<div class=\"elementor-element elementor-element-4a259e09 elementor-widget__width-initial elementor-widget-tablet__width-initial elementor-widget-mobile__width-inherit elementor-absolute elementor-invisible elementor-widget elementor-widget-image\" data-id=\"4a259e09\" data-element_type=\"widget\" data-e-type=\"widget\" data-settings=\"{&quot;_animation&quot;:&quot;slideInRight&quot;,&quot;_position&quot;:&quot;absolute&quot;}\" data-widget_type=\"image.default\">\n\t\t\t\t<div class=\"elementor-widget-container\">\n\t\t\t\t\t\t\t\t\t\t\t\t\t\t\t<img fetchpriority=\"high\" decoding=\"async\" width=\"1024\" height=\"702\" src=\"https:\/\/www.fondation-minou-amir-aslani.com\/wp-content\/uploads\/2022\/09\/histoire-palacio-nacional-de-mafra-g0eb6bec57_1920-1024x702.jpg\" class=\"attachment-large size-large wp-image-418\" alt=\"\" srcset=\"https:\/\/www.fondation-minou-amir-aslani.com\/wp-content\/uploads\/2022\/09\/histoire-palacio-nacional-de-mafra-g0eb6bec57_1920-1024x702.jpg 1024w, https:\/\/www.fondation-minou-amir-aslani.com\/wp-content\/uploads\/2022\/09\/histoire-palacio-nacional-de-mafra-g0eb6bec57_1920-300x206.jpg 300w, https:\/\/www.fondation-minou-amir-aslani.com\/wp-content\/uploads\/2022\/09\/histoire-palacio-nacional-de-mafra-g0eb6bec57_1920-768x526.jpg 768w, https:\/\/www.fondation-minou-amir-aslani.com\/wp-content\/uploads\/2022\/09\/histoire-palacio-nacional-de-mafra-g0eb6bec57_1920-1536x1053.jpg 1536w, https:\/\/www.fondation-minou-amir-aslani.com\/wp-content\/uploads\/2022\/09\/histoire-palacio-nacional-de-mafra-g0eb6bec57_1920.jpg 1920w\" sizes=\"(max-width: 1024px) 100vw, 1024px\" \/>\t\t\t\t\t\t\t\t\t\t\t\t\t\t\t<\/div>\n\t\t\t\t<\/div>\n\t\t\t\t\t<\/div>\n\t\t<\/div>\n\t\t\t\t\t<\/div>\n\t\t<\/section>\n\t\t\t\t<section class=\"elementor-section elementor-top-section elementor-element elementor-element-c760815 elementor-section-boxed elementor-section-height-default elementor-section-height-default\" data-id=\"c760815\" data-element_type=\"section\" data-e-type=\"section\">\n\t\t\t\t\t\t<div class=\"elementor-container elementor-column-gap-default\">\n\t\t\t\t\t<div class=\"elementor-column elementor-col-100 elementor-top-column elementor-element elementor-element-480aca52\" data-id=\"480aca52\" data-element_type=\"column\" data-e-type=\"column\">\n\t\t\t<div class=\"elementor-widget-wrap elementor-element-populated\">\n\t\t\t\t\t\t<div class=\"elementor-element elementor-element-36cb7c7f elementor-widget-divider--view-line elementor-invisible elementor-widget elementor-widget-divider\" data-id=\"36cb7c7f\" data-element_type=\"widget\" data-e-type=\"widget\" data-settings=\"{&quot;_animation&quot;:&quot;slideInRight&quot;}\" data-widget_type=\"divider.default\">\n\t\t\t\t<div class=\"elementor-widget-container\">\n\t\t\t\t\t\t\t<div class=\"elementor-divider\">\n\t\t\t<span class=\"elementor-divider-separator\">\n\t\t\t\t\t\t<\/span>\n\t\t<\/div>\n\t\t\t\t\t\t<\/div>\n\t\t\t\t<\/div>\n\t\t\t\t\t<\/div>\n\t\t<\/div>\n\t\t\t\t\t<\/div>\n\t\t<\/section>\n\t\t\t\t<section class=\"elementor-section elementor-top-section elementor-element elementor-element-e5acffe elementor-section-boxed elementor-section-height-default elementor-section-height-default\" data-id=\"e5acffe\" data-element_type=\"section\" data-e-type=\"section\">\n\t\t\t\t\t\t<div class=\"elementor-container elementor-column-gap-default\">\n\t\t\t\t\t<div class=\"elementor-column elementor-col-100 elementor-top-column elementor-element elementor-element-7f895e63\" data-id=\"7f895e63\" data-element_type=\"column\" data-e-type=\"column\">\n\t\t\t<div class=\"elementor-widget-wrap elementor-element-populated\">\n\t\t\t\t\t\t<div class=\"elementor-element elementor-element-2b4b0b3 elementor-widget elementor-widget-heading\" data-id=\"2b4b0b3\" data-element_type=\"widget\" data-e-type=\"widget\" data-widget_type=\"heading.default\">\n\t\t\t\t<div class=\"elementor-widget-container\">\n\t\t\t\t\t<h5 class=\"elementor-heading-title elementor-size-xl\">INSTITUTE COMMITTEE <\/h5>\t\t\t\t<\/div>\n\t\t\t\t<\/div>\n\t\t\t\t\t<\/div>\n\t\t<\/div>\n\t\t\t\t\t<\/div>\n\t\t<\/section>\n\t\t\t\t<section class=\"elementor-section elementor-top-section elementor-element elementor-element-65ec009a elementor-section-boxed elementor-section-height-default elementor-section-height-default\" data-id=\"65ec009a\" data-element_type=\"section\" data-e-type=\"section\">\n\t\t\t\t\t\t<div class=\"elementor-container elementor-column-gap-default\">\n\t\t\t\t\t<div class=\"elementor-column elementor-col-100 elementor-top-column elementor-element elementor-element-2d2fc62d\" data-id=\"2d2fc62d\" data-element_type=\"column\" data-e-type=\"column\">\n\t\t\t<div class=\"elementor-widget-wrap elementor-element-populated\">\n\t\t\t\t\t\t<div class=\"elementor-element elementor-element-3b4f171 elementor-widget elementor-widget-text-editor\" data-id=\"3b4f171\" data-element_type=\"widget\" data-e-type=\"widget\" data-widget_type=\"text-editor.default\">\n\t\t\t\t<div class=\"elementor-widget-container\">\n\t\t\t\t\t\t\t\t\t<h3>Les repr\u00e9sentants de l&rsquo;Institut de France, choisis pour leur expertise acad\u00e9mique et artistique, garantissent que les actions de la Fondation s&rsquo;inscrivent dans la mission historique de l&rsquo;Institut : encourager les lettres, les sciences et les arts. Cette collaboration unique refl\u00e8te un engagement partag\u00e9 pour l&rsquo;int\u00e9r\u00eat g\u00e9n\u00e9ral et le rayonnement culturel<\/h3>\t\t\t\t\t\t\t\t<\/div>\n\t\t\t\t<\/div>\n\t\t\t\t\t<\/div>\n\t\t<\/div>\n\t\t\t\t\t<\/div>\n\t\t<\/section>\n\t\t\t\t<section class=\"elementor-section elementor-top-section elementor-element elementor-element-c6efb8f elementor-section-boxed elementor-section-height-default elementor-section-height-default\" data-id=\"c6efb8f\" data-element_type=\"section\" data-e-type=\"section\">\n\t\t\t\t\t\t<div class=\"elementor-container elementor-column-gap-default\">\n\t\t\t\t\t<div class=\"elementor-column elementor-col-100 elementor-top-column elementor-element elementor-element-aff0981\" data-id=\"aff0981\" data-element_type=\"column\" data-e-type=\"column\">\n\t\t\t<div class=\"elementor-widget-wrap elementor-element-populated\">\n\t\t\t\t\t\t<div class=\"elementor-element elementor-element-8eeaedb elementor-widget elementor-widget-heading\" data-id=\"8eeaedb\" data-element_type=\"widget\" data-e-type=\"widget\" data-widget_type=\"heading.default\">\n\t\t\t\t<div class=\"elementor-widget-container\">\n\t\t\t\t\t<h5 class=\"elementor-heading-title elementor-size-default\">Les membres du Coll\u00e8ge de l\u2019Institut<\/h5>\t\t\t\t<\/div>\n\t\t\t\t<\/div>\n\t\t\t\t\t<\/div>\n\t\t<\/div>\n\t\t\t\t\t<\/div>\n\t\t<\/section>\n\t\t\t\t<section class=\"elementor-section elementor-top-section elementor-element elementor-element-37c7ff31 elementor-section-height-min-height elementor-section-items-top elementor-section-content-top elementor-section-boxed elementor-section-height-default\" data-id=\"37c7ff31\" data-element_type=\"section\" data-e-type=\"section\" data-settings=\"{&quot;background_background&quot;:&quot;classic&quot;}\">\n\t\t\t\t\t\t\t<div class=\"elementor-background-overlay\"><\/div>\n\t\t\t\t\t\t\t<div class=\"elementor-container elementor-column-gap-no\">\n\t\t\t\t\t<div class=\"elementor-column elementor-col-100 elementor-top-column elementor-element elementor-element-4ebdaeae\" data-id=\"4ebdaeae\" data-element_type=\"column\" data-e-type=\"column\">\n\t\t\t<div class=\"elementor-widget-wrap elementor-element-populated\">\n\t\t\t\t\t\t<section class=\"elementor-section elementor-inner-section elementor-element elementor-element-79a3c71e elementor-section-full_width elementor-section-height-default elementor-section-height-default\" data-id=\"79a3c71e\" data-element_type=\"section\" data-e-type=\"section\">\n\t\t\t\t\t\t<div class=\"elementor-container elementor-column-gap-no\">\n\t\t\t\t\t<div class=\"elementor-column elementor-col-20 elementor-inner-column elementor-element elementor-element-4e5feb5d\" data-id=\"4e5feb5d\" data-element_type=\"column\" data-e-type=\"column\">\n\t\t\t<div class=\"elementor-widget-wrap elementor-element-populated\">\n\t\t\t\t\t\t<div class=\"elementor-element elementor-element-3fa2dbdb elementor-position-top elementor-widget elementor-widget-image-box\" data-id=\"3fa2dbdb\" data-element_type=\"widget\" data-e-type=\"widget\" data-widget_type=\"image-box.default\">\n\t\t\t\t<div class=\"elementor-widget-container\">\n\t\t\t\t\t<div class=\"elementor-image-box-wrapper\"><figure class=\"elementor-image-box-img\"><img decoding=\"async\" width=\"310\" height=\"380\" src=\"https:\/\/www.fondation-minou-amir-aslani.com\/wp-content\/uploads\/2022\/10\/DARCOS-Xavier_petit.jpg\" class=\"attachment-full size-full wp-image-1638\" alt=\"\" srcset=\"https:\/\/www.fondation-minou-amir-aslani.com\/wp-content\/uploads\/2022\/10\/DARCOS-Xavier_petit.jpg 310w, https:\/\/www.fondation-minou-amir-aslani.com\/wp-content\/uploads\/2022\/10\/DARCOS-Xavier_petit-245x300.jpg 245w\" sizes=\"(max-width: 310px) 100vw, 310px\" \/><\/figure><div class=\"elementor-image-box-content\"><h4 class=\"elementor-image-box-title\">Xavier Darcos<\/h4><p class=\"elementor-image-box-description\"><b>Chancellor of the Institute of France<\/b>\n<br>\nAncien ministre de l\u2019\u00c9ducation nationale, diplomate et universitaire, Xavier Darcos a \u00e9galement \u00e9t\u00e9 ambassadeur aupr\u00e8s de l\u2019OCDE et Pr\u00e9sident de l\u2019Institut fran\u00e7ais. Il est membre de l\u2019Acad\u00e9mie fran\u00e7aise depuis 2013.<\/p><\/div><\/div>\t\t\t\t<\/div>\n\t\t\t\t<\/div>\n\t\t\t\t\t<\/div>\n\t\t<\/div>\n\t\t\t\t<div class=\"elementor-column elementor-col-20 elementor-inner-column elementor-element elementor-element-3fe1cba2\" data-id=\"3fe1cba2\" data-element_type=\"column\" data-e-type=\"column\">\n\t\t\t<div class=\"elementor-widget-wrap elementor-element-populated\">\n\t\t\t\t\t\t<div class=\"elementor-element elementor-element-1cb5bd1f elementor-position-top elementor-widget elementor-widget-image-box\" data-id=\"1cb5bd1f\" data-element_type=\"widget\" data-e-type=\"widget\" data-widget_type=\"image-box.default\">\n\t\t\t\t<div class=\"elementor-widget-container\">\n\t\t\t\t\t<div class=\"elementor-image-box-wrapper\"><figure class=\"elementor-image-box-img\"><img decoding=\"async\" width=\"310\" height=\"380\" src=\"https:\/\/www.fondation-minou-amir-aslani.com\/wp-content\/uploads\/2022\/10\/PITTE-Jean-Robert_petit.jpg\" class=\"attachment-full size-full wp-image-1623\" alt=\"\" srcset=\"https:\/\/www.fondation-minou-amir-aslani.com\/wp-content\/uploads\/2022\/10\/PITTE-Jean-Robert_petit.jpg 310w, https:\/\/www.fondation-minou-amir-aslani.com\/wp-content\/uploads\/2022\/10\/PITTE-Jean-Robert_petit-245x300.jpg 245w\" sizes=\"(max-width: 310px) 100vw, 310px\" \/><\/figure><div class=\"elementor-image-box-content\"><h4 class=\"elementor-image-box-title\">Jean-Robert Pitte<\/h4><p class=\"elementor-image-box-description\"><b>Membre de l\u2019Acad\u00e9mie des Sciences morales et politiques, ancien Secr\u00e9taire perp\u00e9tuel (2017-2022)<\/b>\n<br>\nG\u00e9ographe renomm\u00e9, Jean-Robert Pitte est ancien pr\u00e9sident de l\u2019Universit\u00e9 Paris-Sorbonne et sp\u00e9cialiste du paysage et de la gastronomie. Il est \u00e9galement pr\u00e9sident de la Soci\u00e9t\u00e9 de G\u00e9ographie.<\/p><\/div><\/div>\t\t\t\t<\/div>\n\t\t\t\t<\/div>\n\t\t\t\t\t<\/div>\n\t\t<\/div>\n\t\t\t\t<div class=\"elementor-column elementor-col-20 elementor-inner-column elementor-element elementor-element-4c59f9af\" data-id=\"4c59f9af\" data-element_type=\"column\" data-e-type=\"column\">\n\t\t\t<div class=\"elementor-widget-wrap elementor-element-populated\">\n\t\t\t\t\t\t<div class=\"elementor-element elementor-element-2bc8046d elementor-position-top elementor-widget elementor-widget-image-box\" data-id=\"2bc8046d\" data-element_type=\"widget\" data-e-type=\"widget\" data-widget_type=\"image-box.default\">\n\t\t\t\t<div class=\"elementor-widget-container\">\n\t\t\t\t\t<div class=\"elementor-image-box-wrapper\"><figure class=\"elementor-image-box-img\"><img loading=\"lazy\" decoding=\"async\" width=\"251\" height=\"309\" src=\"https:\/\/www.fondation-minou-amir-aslani.com\/wp-content\/uploads\/2022\/10\/MAALOUF-Amin-\u00a9Juliette-Agnel_petit-2.jpg\" class=\"attachment-full size-full wp-image-1632\" alt=\"\" srcset=\"https:\/\/www.fondation-minou-amir-aslani.com\/wp-content\/uploads\/2022\/10\/MAALOUF-Amin-\u00a9Juliette-Agnel_petit-2.jpg 251w, https:\/\/www.fondation-minou-amir-aslani.com\/wp-content\/uploads\/2022\/10\/MAALOUF-Amin-\u00a9Juliette-Agnel_petit-2-244x300.jpg 244w\" sizes=\"(max-width: 251px) 100vw, 251px\" \/><\/figure><div class=\"elementor-image-box-content\"><h4 class=\"elementor-image-box-title\">Amin Maalouf<\/h4><p class=\"elementor-image-box-description\"><b>Secr\u00e9taire perp\u00e9tuel de l\u2019Acad\u00e9mie fran\u00e7aise<\/b>\n<br> \n\u00c9crivain et essayiste franco-libanais, Amin Maalouf a marqu\u00e9 la litt\u00e9rature contemporaine avec des \u0153uvres comme Le Rocher de Tanios (Prix Goncourt 1993) et Les Identit\u00e9s meurtri\u00e8res. Il est \u00e9galement Docteur honoris causa de plusieurs universit\u00e9s internationales.\n<\/p><\/div><\/div>\t\t\t\t<\/div>\n\t\t\t\t<\/div>\n\t\t\t\t\t<\/div>\n\t\t<\/div>\n\t\t\t\t<div class=\"elementor-column elementor-col-20 elementor-inner-column elementor-element elementor-element-7b4a1067\" data-id=\"7b4a1067\" data-element_type=\"column\" data-e-type=\"column\">\n\t\t\t<div class=\"elementor-widget-wrap elementor-element-populated\">\n\t\t\t\t\t\t<div class=\"elementor-element elementor-element-153dce0c elementor-position-top elementor-widget elementor-widget-image-box\" data-id=\"153dce0c\" data-element_type=\"widget\" data-e-type=\"widget\" data-widget_type=\"image-box.default\">\n\t\t\t\t<div class=\"elementor-widget-container\">\n\t\t\t\t\t<div class=\"elementor-image-box-wrapper\"><figure class=\"elementor-image-box-img\"><img loading=\"lazy\" decoding=\"async\" width=\"310\" height=\"380\" src=\"https:\/\/www.fondation-minou-amir-aslani.com\/wp-content\/uploads\/2022\/10\/MANTOVANI-Bruno_petit.jpg\" class=\"attachment-full size-full wp-image-1628\" alt=\"\" srcset=\"https:\/\/www.fondation-minou-amir-aslani.com\/wp-content\/uploads\/2022\/10\/MANTOVANI-Bruno_petit.jpg 310w, https:\/\/www.fondation-minou-amir-aslani.com\/wp-content\/uploads\/2022\/10\/MANTOVANI-Bruno_petit-245x300.jpg 245w\" sizes=\"(max-width: 310px) 100vw, 310px\" \/><\/figure><div class=\"elementor-image-box-content\"><h4 class=\"elementor-image-box-title\">Bruno Mantovani<\/h4><p class=\"elementor-image-box-description\"><b>Membre de l\u2019Acad\u00e9mie des Beaux-Arts<\/b>\n<br>\nCompositeur de renomm\u00e9e mondiale et chef d\u2019orchestre, Bruno Mantovani a dirig\u00e9 le Conservatoire national sup\u00e9rieur de musique et de danse de Paris (2010-2019). Il enseigne l\u2019interpr\u00e9tation du r\u00e9pertoire contemporain et collabore avec des orchestres prestigieux \u00e0 travers le monde.\n<\/p><\/div><\/div>\t\t\t\t<\/div>\n\t\t\t\t<\/div>\n\t\t\t\t\t<\/div>\n\t\t<\/div>\n\t\t\t\t<div class=\"elementor-column elementor-col-20 elementor-inner-column elementor-element elementor-element-1c0227bb\" data-id=\"1c0227bb\" data-element_type=\"column\" data-e-type=\"column\">\n\t\t\t<div class=\"elementor-widget-wrap elementor-element-populated\">\n\t\t\t\t\t\t<div class=\"elementor-element elementor-element-3fc69b8e elementor-position-top elementor-widget elementor-widget-image-box\" data-id=\"3fc69b8e\" data-element_type=\"widget\" data-e-type=\"widget\" data-widget_type=\"image-box.default\">\n\t\t\t\t<div class=\"elementor-widget-container\">\n\t\t\t\t\t<div class=\"elementor-image-box-wrapper\"><figure class=\"elementor-image-box-img\"><img loading=\"lazy\" decoding=\"async\" width=\"310\" height=\"380\" src=\"https:\/\/www.fondation-minou-amir-aslani.com\/wp-content\/uploads\/2022\/10\/MAYETTE-HOLTZ-Murielle_petit.jpg\" class=\"attachment-full size-full wp-image-1629\" alt=\"\" srcset=\"https:\/\/www.fondation-minou-amir-aslani.com\/wp-content\/uploads\/2022\/10\/MAYETTE-HOLTZ-Murielle_petit.jpg 310w, https:\/\/www.fondation-minou-amir-aslani.com\/wp-content\/uploads\/2022\/10\/MAYETTE-HOLTZ-Murielle_petit-245x300.jpg 245w\" sizes=\"(max-width: 310px) 100vw, 310px\" \/><\/figure><div class=\"elementor-image-box-content\"><h4 class=\"elementor-image-box-title\">Muriel Mayette-Holtz<\/h4><p class=\"elementor-image-box-description\"><b>Membre de l\u2019Acad\u00e9mie des Beaux-Arts<\/b>\n<br>\nCom\u00e9dienne, metteuse en sc\u00e8ne et ancienne administratrice g\u00e9n\u00e9rale de la Com\u00e9die-Fran\u00e7aise, Muriel Mayette-Holtz a \u00e9galement dirig\u00e9 l\u2019Acad\u00e9mie de France \u00e0 Rome \u2013 Villa M\u00e9dicis. Elle est actuellement Directrice du Th\u00e9\u00e2tre national de Nice.\n<\/p><\/div><\/div>\t\t\t\t<\/div>\n\t\t\t\t<\/div>\n\t\t\t\t\t<\/div>\n\t\t<\/div>\n\t\t\t\t\t<\/div>\n\t\t<\/section>\n\t\t\t\t\t<\/div>\n\t\t<\/div>\n\t\t\t\t\t<\/div>\n\t\t<\/section>\n\t\t\t\t<section class=\"elementor-section elementor-top-section elementor-element elementor-element-4f749afa elementor-section-boxed elementor-section-height-default elementor-section-height-default\" data-id=\"4f749afa\" data-element_type=\"section\" data-e-type=\"section\">\n\t\t\t\t\t\t<div class=\"elementor-container elementor-column-gap-default\">\n\t\t\t\t\t<div class=\"elementor-column elementor-col-100 elementor-top-column elementor-element elementor-element-5371b955\" data-id=\"5371b955\" data-element_type=\"column\" data-e-type=\"column\">\n\t\t\t<div class=\"elementor-widget-wrap elementor-element-populated\">\n\t\t\t\t\t\t<div class=\"elementor-element elementor-element-2919fdcf elementor-widget elementor-widget-heading\" data-id=\"2919fdcf\" data-element_type=\"widget\" data-e-type=\"widget\" data-widget_type=\"heading.default\">\n\t\t\t\t<div class=\"elementor-widget-container\">\n\t\t\t\t\t<h5 class=\"elementor-heading-title elementor-size-xl\">FOUNDERS COMMITTEE<\/h5>\t\t\t\t<\/div>\n\t\t\t\t<\/div>\n\t\t\t\t<div class=\"elementor-element elementor-element-227c7a6 elementor-widget elementor-widget-text-editor\" data-id=\"227c7a6\" data-element_type=\"widget\" data-e-type=\"widget\" data-widget_type=\"text-editor.default\">\n\t\t\t\t<div class=\"elementor-widget-container\">\n\t\t\t\t\t\t\t\t\t<h3>Les membres du Coll\u00e8ge du Fondateur, issus de domaines vari\u00e9s, apportent leur expertise et leur vision strat\u00e9gique pour guider la Fondation dans ses projets et honorer l&rsquo;h\u00e9ritage de Minou Amir-Aslani. Ils contribuent \u00e0 renforcer l&rsquo;impact des actions de la Fondation, tout en incarnant les valeurs qui lui sont ch\u00e8res.<\/h3>\t\t\t\t\t\t\t\t<\/div>\n\t\t\t\t<\/div>\n\t\t\t\t\t<\/div>\n\t\t<\/div>\n\t\t\t\t\t<\/div>\n\t\t<\/section>\n\t\t\t\t<section class=\"elementor-section elementor-top-section elementor-element elementor-element-1663b8b elementor-section-boxed elementor-section-height-default elementor-section-height-default\" data-id=\"1663b8b\" data-element_type=\"section\" data-e-type=\"section\">\n\t\t\t\t\t\t<div class=\"elementor-container elementor-column-gap-default\">\n\t\t\t\t\t<div class=\"elementor-column elementor-col-100 elementor-top-column elementor-element elementor-element-dc450e1\" data-id=\"dc450e1\" data-element_type=\"column\" data-e-type=\"column\">\n\t\t\t<div class=\"elementor-widget-wrap elementor-element-populated\">\n\t\t\t\t\t\t<div class=\"elementor-element elementor-element-464791b elementor-widget elementor-widget-heading\" data-id=\"464791b\" data-element_type=\"widget\" data-e-type=\"widget\" data-widget_type=\"heading.default\">\n\t\t\t\t<div class=\"elementor-widget-container\">\n\t\t\t\t\t<h5 class=\"elementor-heading-title elementor-size-default\">Les membres du Coll\u00e8ge du fondateur<\/h5>\t\t\t\t<\/div>\n\t\t\t\t<\/div>\n\t\t\t\t\t<\/div>\n\t\t<\/div>\n\t\t\t\t\t<\/div>\n\t\t<\/section>\n\t\t\t\t<section class=\"elementor-section elementor-top-section elementor-element elementor-element-648508fc elementor-section-height-min-height elementor-section-items-top elementor-section-content-top elementor-section-boxed elementor-section-height-default\" data-id=\"648508fc\" data-element_type=\"section\" data-e-type=\"section\" data-settings=\"{&quot;background_background&quot;:&quot;classic&quot;}\">\n\t\t\t\t\t\t\t<div class=\"elementor-background-overlay\"><\/div>\n\t\t\t\t\t\t\t<div class=\"elementor-container elementor-column-gap-no\">\n\t\t\t\t\t<div class=\"elementor-column elementor-col-100 elementor-top-column elementor-element elementor-element-13023dc5\" data-id=\"13023dc5\" data-element_type=\"column\" data-e-type=\"column\">\n\t\t\t<div class=\"elementor-widget-wrap elementor-element-populated\">\n\t\t\t\t\t\t<section class=\"elementor-section elementor-inner-section elementor-element elementor-element-28bb7ff4 elementor-section-full_width elementor-section-height-default elementor-section-height-default\" data-id=\"28bb7ff4\" data-element_type=\"section\" data-e-type=\"section\">\n\t\t\t\t\t\t<div class=\"elementor-container elementor-column-gap-no\">\n\t\t\t\t\t<div class=\"elementor-column elementor-col-20 elementor-inner-column elementor-element elementor-element-7dfe4afc\" data-id=\"7dfe4afc\" data-element_type=\"column\" data-e-type=\"column\">\n\t\t\t<div class=\"elementor-widget-wrap elementor-element-populated\">\n\t\t\t\t\t\t<div class=\"elementor-element elementor-element-16692829 elementor-position-top elementor-widget elementor-widget-image-box\" data-id=\"16692829\" data-element_type=\"widget\" data-e-type=\"widget\" data-widget_type=\"image-box.default\">\n\t\t\t\t<div class=\"elementor-widget-container\">\n\t\t\t\t\t<div class=\"elementor-image-box-wrapper\"><figure class=\"elementor-image-box-img\"><img loading=\"lazy\" decoding=\"async\" width=\"310\" height=\"380\" src=\"https:\/\/www.fondation-minou-amir-aslani.com\/wp-content\/uploads\/2024\/12\/ardavan_amir_aslani.jpg\" class=\"attachment-full size-full wp-image-2099\" alt=\"\" srcset=\"https:\/\/www.fondation-minou-amir-aslani.com\/wp-content\/uploads\/2024\/12\/ardavan_amir_aslani.jpg 310w, https:\/\/www.fondation-minou-amir-aslani.com\/wp-content\/uploads\/2024\/12\/ardavan_amir_aslani-245x300.jpg 245w, https:\/\/www.fondation-minou-amir-aslani.com\/wp-content\/uploads\/2024\/12\/ardavan_amir_aslani-10x12.jpg 10w\" sizes=\"(max-width: 310px) 100vw, 310px\" \/><\/figure><div class=\"elementor-image-box-content\"><h4 class=\"elementor-image-box-title\">Ardavan Amir-Aslani<\/h4><p class=\"elementor-image-box-description\">Avocat et essayiste, fondateur de la Fondation<\/p><\/div><\/div>\t\t\t\t<\/div>\n\t\t\t\t<\/div>\n\t\t\t\t\t<\/div>\n\t\t<\/div>\n\t\t\t\t<div class=\"elementor-column elementor-col-20 elementor-inner-column elementor-element elementor-element-5309d58c\" data-id=\"5309d58c\" data-element_type=\"column\" data-e-type=\"column\">\n\t\t\t<div class=\"elementor-widget-wrap elementor-element-populated\">\n\t\t\t\t\t\t<div class=\"elementor-element elementor-element-50f5225e elementor-position-top elementor-widget elementor-widget-image-box\" data-id=\"50f5225e\" data-element_type=\"widget\" data-e-type=\"widget\" data-widget_type=\"image-box.default\">\n\t\t\t\t<div class=\"elementor-widget-container\">\n\t\t\t\t\t<div class=\"elementor-image-box-wrapper\"><figure class=\"elementor-image-box-img\"><img loading=\"lazy\" decoding=\"async\" width=\"310\" height=\"380\" src=\"https:\/\/www.fondation-minou-amir-aslani.com\/wp-content\/uploads\/2022\/09\/Iradj-Gandjbakhch.jpg\" class=\"attachment-full size-full wp-image-1014\" alt=\"\" srcset=\"https:\/\/www.fondation-minou-amir-aslani.com\/wp-content\/uploads\/2022\/09\/Iradj-Gandjbakhch.jpg 310w, https:\/\/www.fondation-minou-amir-aslani.com\/wp-content\/uploads\/2022\/09\/Iradj-Gandjbakhch-245x300.jpg 245w\" sizes=\"(max-width: 310px) 100vw, 310px\" \/><\/figure><div class=\"elementor-image-box-content\"><h4 class=\"elementor-image-box-title\">Iradj Gandjbakhch<\/h4><p class=\"elementor-image-box-description\">Chirurgien cardiaque de renom, il a contribu\u00e9 aux premi\u00e8res transplantations cardiaques en Europe et dirig\u00e9 l'Institut de Cardiologie de la Piti\u00e9-Salp\u00eatri\u00e8re.<\/p><\/div><\/div>\t\t\t\t<\/div>\n\t\t\t\t<\/div>\n\t\t\t\t\t<\/div>\n\t\t<\/div>\n\t\t\t\t<div class=\"elementor-column elementor-col-20 elementor-inner-column elementor-element elementor-element-74085a82\" data-id=\"74085a82\" data-element_type=\"column\" data-e-type=\"column\">\n\t\t\t<div class=\"elementor-widget-wrap elementor-element-populated\">\n\t\t\t\t\t\t<div class=\"elementor-element elementor-element-18e025b7 elementor-position-top elementor-widget elementor-widget-image-box\" data-id=\"18e025b7\" data-element_type=\"widget\" data-e-type=\"widget\" data-widget_type=\"image-box.default\">\n\t\t\t\t<div class=\"elementor-widget-container\">\n\t\t\t\t\t<div class=\"elementor-image-box-wrapper\"><figure class=\"elementor-image-box-img\"><img loading=\"lazy\" decoding=\"async\" width=\"310\" height=\"380\" src=\"https:\/\/www.fondation-minou-amir-aslani.com\/wp-content\/uploads\/2024\/12\/amiral.jpg\" class=\"attachment-full size-full wp-image-2098\" alt=\"\" srcset=\"https:\/\/www.fondation-minou-amir-aslani.com\/wp-content\/uploads\/2024\/12\/amiral.jpg 310w, https:\/\/www.fondation-minou-amir-aslani.com\/wp-content\/uploads\/2024\/12\/amiral-245x300.jpg 245w, https:\/\/www.fondation-minou-amir-aslani.com\/wp-content\/uploads\/2024\/12\/amiral-10x12.jpg 10w\" sizes=\"(max-width: 310px) 100vw, 310px\" \/><\/figure><div class=\"elementor-image-box-content\"><h4 class=\"elementor-image-box-title\">Amiral \u00c9douard Guillaud<\/h4><p class=\"elementor-image-box-description\">Ancien Chef d'\u00e9tat-major des arm\u00e9es aupr\u00e8s des Pr\u00e9sidents Jacques Chirac et Nicolas Sarkozy, il a command\u00e9 des b\u00e2timents prestigieux tels que le porte-avions Charles de Gaulle et si\u00e9g\u00e9 \u00e0 des postes strat\u00e9giques au sein des institutions de d\u00e9fense fran\u00e7aises<\/p><\/div><\/div>\t\t\t\t<\/div>\n\t\t\t\t<\/div>\n\t\t\t\t\t<\/div>\n\t\t<\/div>\n\t\t\t\t<div class=\"elementor-column elementor-col-20 elementor-inner-column elementor-element elementor-element-2da45ab8\" data-id=\"2da45ab8\" data-element_type=\"column\" data-e-type=\"column\">\n\t\t\t<div class=\"elementor-widget-wrap elementor-element-populated\">\n\t\t\t\t\t\t<div class=\"elementor-element elementor-element-6f3cbcee elementor-position-top elementor-widget elementor-widget-image-box\" data-id=\"6f3cbcee\" data-element_type=\"widget\" data-e-type=\"widget\" data-widget_type=\"image-box.default\">\n\t\t\t\t<div class=\"elementor-widget-container\">\n\t\t\t\t\t<div class=\"elementor-image-box-wrapper\"><figure class=\"elementor-image-box-img\"><img loading=\"lazy\" decoding=\"async\" width=\"310\" height=\"380\" src=\"https:\/\/www.fondation-minou-amir-aslani.com\/wp-content\/uploads\/2022\/09\/Victor-Andre-Massena.jpg\" class=\"attachment-full size-full wp-image-1016\" alt=\"\" srcset=\"https:\/\/www.fondation-minou-amir-aslani.com\/wp-content\/uploads\/2022\/09\/Victor-Andre-Massena.jpg 310w, https:\/\/www.fondation-minou-amir-aslani.com\/wp-content\/uploads\/2022\/09\/Victor-Andre-Massena-245x300.jpg 245w\" sizes=\"(max-width: 310px) 100vw, 310px\" \/><\/figure><div class=\"elementor-image-box-content\"><h4 class=\"elementor-image-box-title\">Victor-Andr\u00e9 Massena<\/h4><p class=\"elementor-image-box-description\">Prince d\u2019Essling, Duc de Rivoli et Pr\u00e9sident de la Fondation Napol\u00e9on, il a consacr\u00e9 sa carri\u00e8re \u00e0 des missions internationales et \u00e0 la pr\u00e9servation du patrimoine historique.<\/p><\/div><\/div>\t\t\t\t<\/div>\n\t\t\t\t<\/div>\n\t\t\t\t\t<\/div>\n\t\t<\/div>\n\t\t\t\t<div class=\"elementor-column elementor-col-20 elementor-inner-column elementor-element elementor-element-55a3b0af\" data-id=\"55a3b0af\" data-element_type=\"column\" data-e-type=\"column\">\n\t\t\t<div class=\"elementor-widget-wrap elementor-element-populated\">\n\t\t\t\t\t\t<div class=\"elementor-element elementor-element-273ab46c elementor-position-top elementor-widget elementor-widget-image-box\" data-id=\"273ab46c\" data-element_type=\"widget\" data-e-type=\"widget\" data-widget_type=\"image-box.default\">\n\t\t\t\t<div class=\"elementor-widget-container\">\n\t\t\t\t\t<div class=\"elementor-image-box-wrapper\"><figure class=\"elementor-image-box-img\"><img loading=\"lazy\" decoding=\"async\" width=\"310\" height=\"380\" src=\"https:\/\/www.fondation-minou-amir-aslani.com\/wp-content\/uploads\/2024\/12\/yves-thibault-silguy.jpg\" class=\"attachment-full size-full wp-image-2100\" alt=\"\" srcset=\"https:\/\/www.fondation-minou-amir-aslani.com\/wp-content\/uploads\/2024\/12\/yves-thibault-silguy.jpg 310w, https:\/\/www.fondation-minou-amir-aslani.com\/wp-content\/uploads\/2024\/12\/yves-thibault-silguy-245x300.jpg 245w, https:\/\/www.fondation-minou-amir-aslani.com\/wp-content\/uploads\/2024\/12\/yves-thibault-silguy-10x12.jpg 10w\" sizes=\"(max-width: 310px) 100vw, 310px\" \/><\/figure><div class=\"elementor-image-box-content\"><h4 class=\"elementor-image-box-title\">Yves-ThibauLT de Silguy<\/h4><p class=\"elementor-image-box-description\">Ancien Commissaire europ\u00e9en aux affaires \u00e9conomiques et mon\u00e9taires, il a \u00e9galement occup\u00e9 des fonctions de direction dans des groupes internationaux comme VINCI et SUEZ.<\/p><\/div><\/div>\t\t\t\t<\/div>\n\t\t\t\t<\/div>\n\t\t\t\t\t<\/div>\n\t\t<\/div>\n\t\t\t\t\t<\/div>\n\t\t<\/section>\n\t\t\t\t\t<\/div>\n\t\t<\/div>\n\t\t\t\t\t<\/div>\n\t\t<\/section>\n\t\t\t\t<section class=\"elementor-section elementor-top-section elementor-element elementor-element-69bb5d9 elementor-section-boxed elementor-section-height-default elementor-section-height-default\" data-id=\"69bb5d9\" data-element_type=\"section\" data-e-type=\"section\">\n\t\t\t\t\t\t<div class=\"elementor-container elementor-column-gap-default\">\n\t\t\t\t\t<div class=\"elementor-column elementor-col-100 elementor-top-column elementor-element elementor-element-5933262\" data-id=\"5933262\" data-element_type=\"column\" data-e-type=\"column\">\n\t\t\t<div class=\"elementor-widget-wrap elementor-element-populated\">\n\t\t\t\t\t\t<div class=\"elementor-element elementor-element-c0d43f7 elementor-widget elementor-widget-heading\" data-id=\"c0d43f7\" data-element_type=\"widget\" data-e-type=\"widget\" data-widget_type=\"heading.default\">\n\t\t\t\t<div class=\"elementor-widget-container\">\n\t\t\t\t\t<h5 class=\"elementor-heading-title elementor-size-xl\">Une mission commune<\/h5>\t\t\t\t<\/div>\n\t\t\t\t<\/div>\n\t\t\t\t<div class=\"elementor-element elementor-element-5516db9 elementor-widget elementor-widget-text-editor\" data-id=\"5516db9\" data-element_type=\"widget\" data-e-type=\"widget\" data-widget_type=\"text-editor.default\">\n\t\t\t\t<div class=\"elementor-widget-container\">\n\t\t\t\t\t\t\t\t\t<h3>Le Conseil d&rsquo;administration travaille en \u00e9troite collaboration pour statuer sur les initiatives \u00e0 soutenir, dans le respect de la volont\u00e9 du fondateur et des valeurs qu\u2019il incarne. Ensemble, ils partagent une vision ambitieuse : favoriser l\u2019acc\u00e8s \u00e0 la culture, encourager l\u2019excellence acad\u00e9mique et pr\u00e9server les tr\u00e9sors du patrimoine.<\/h3>\t\t\t\t\t\t\t\t<\/div>\n\t\t\t\t<\/div>\n\t\t\t\t\t<\/div>\n\t\t<\/div>\n\t\t\t\t\t<\/div>\n\t\t<\/section>\n\t\t\t\t<section class=\"elementor-section elementor-top-section elementor-element elementor-element-5b546116 elementor-section-content-top elementor-section-boxed elementor-section-height-default elementor-section-height-default\" data-id=\"5b546116\" data-element_type=\"section\" data-e-type=\"section\" data-settings=\"{&quot;background_background&quot;:&quot;classic&quot;}\">\n\t\t\t\t\t\t<div class=\"elementor-container elementor-column-gap-no\">\n\t\t\t\t\t<div class=\"elementor-column elementor-col-50 elementor-top-column elementor-element elementor-element-96ef789\" data-id=\"96ef789\" data-element_type=\"column\" data-e-type=\"column\">\n\t\t\t<div class=\"elementor-widget-wrap\">\n\t\t\t\t\t\t\t<\/div>\n\t\t<\/div>\n\t\t\t\t<div class=\"elementor-column elementor-col-50 elementor-top-column elementor-element elementor-element-4eac95b9\" data-id=\"4eac95b9\" data-element_type=\"column\" data-e-type=\"column\">\n\t\t\t<div class=\"elementor-widget-wrap elementor-element-populated\">\n\t\t\t\t\t\t<div class=\"elementor-element elementor-element-22e239bd elementor-mobile-align-center elementor-align-end elementor-icon-list--layout-traditional elementor-list-item-link-full_width elementor-widget elementor-widget-icon-list\" data-id=\"22e239bd\" data-element_type=\"widget\" data-e-type=\"widget\" data-widget_type=\"icon-list.default\">\n\t\t\t\t<div class=\"elementor-widget-container\">\n\t\t\t\t\t\t\t<ul class=\"elementor-icon-list-items\">\n\t\t\t\t\t\t\t<li class=\"elementor-icon-list-item\">\n\t\t\t\t\t\t\t\t\t\t\t<a href=\"\/en\/mentions-legales\/\">\n\n\t\t\t\t\t\t\t\t\t\t\t<span class=\"elementor-icon-list-text\">Legal Information<\/span>\n\t\t\t\t\t\t\t\t\t\t\t<\/a>\n\t\t\t\t\t\t\t\t\t<\/li>\n\t\t\t\t\t\t\t\t<li class=\"elementor-icon-list-item\">\n\t\t\t\t\t\t\t\t\t\t\t<a href=\"\/en\/histoire\/\">\n\n\t\t\t\t\t\t\t\t\t\t\t<span class=\"elementor-icon-list-text\">The Foundation<\/span>\n\t\t\t\t\t\t\t\t\t\t\t<\/a>\n\t\t\t\t\t\t\t\t\t<\/li>\n\t\t\t\t\t\t\t\t<li class=\"elementor-icon-list-item\">\n\t\t\t\t\t\t\t\t\t\t\t<a href=\"\/en\/informations-pratiques\/\">\n\n\t\t\t\t\t\t\t\t\t\t\t<span class=\"elementor-icon-list-text\">Contact<\/span>\n\t\t\t\t\t\t\t\t\t\t\t<\/a>\n\t\t\t\t\t\t\t\t\t<\/li>\n\t\t\t\t\t\t<\/ul>\n\t\t\t\t\t\t<\/div>\n\t\t\t\t<\/div>\n\t\t\t\t\t<\/div>\n\t\t<\/div>\n\t\t\t\t\t<\/div>\n\t\t<\/section>\n\t\t\t\t<\/div>","protected":false},"excerpt":{"rendered":"<p>Gouvernance Un Conseil d&rsquo;administration engag\u00e9 pour le rayonnement de la Fondation La Fondation Minou Amir-Aslani est administr\u00e9e par un Conseil d&rsquo;administration compos\u00e9 de deux coll\u00e8ges paritaires, chacun constitu\u00e9 de cinq membres. Ce Conseil refl\u00e8te la collaboration entre des repr\u00e9sentants de l&rsquo;Institut de France et des personnalit\u00e9s choisies par le Fondateur, Ma\u00eetre Ardavan Amir-Aslani. Ensemble, ils [&hellip;]<\/p>\n","protected":false},"author":1,"featured_media":0,"parent":518,"menu_order":0,"comment_status":"closed","ping_status":"closed","template":"","meta":{"_crdt_document":"","site-sidebar-layout":"no-sidebar","site-content-layout":"page-builder","ast-site-content-layout":"full-width-container","site-content-style":"default","site-sidebar-style":"default","ast-global-header-display":"","ast-banner-title-visibility":"","ast-main-header-display":"","ast-hfb-above-header-display":"","ast-hfb-below-header-display":"","ast-hfb-mobile-header-display":"","site-post-title":"disabled","ast-breadcrumbs-content":"","ast-featured-img":"disabled","footer-sml-layout":"","theme-transparent-header-meta":"","adv-header-id-meta":"","stick-header-meta":"","header-above-stick-meta":"","header-main-stick-meta":"","header-below-stick-meta":"","astra-migrate-meta-layouts":"set","ast-page-background-enabled":"default","ast-page-background-meta":{"desktop":{"background-color":"var(--ast-global-color-4)","background-image":"","background-repeat":"repeat","background-position":"center center","background-size":"auto","background-attachment":"scroll","background-type":"","background-media":"","overlay-type":"","overlay-color":"","overlay-gradient":""},"tablet":{"background-color":"","background-image":"","background-repeat":"repeat","background-position":"center center","background-size":"auto","background-attachment":"scroll","background-type":"","background-media":"","overlay-type":"","overlay-color":"","overlay-gradient":""},"mobile":{"background-color":"","background-image":"","background-repeat":"repeat","background-position":"center center","background-size":"auto","background-attachment":"scroll","background-type":"","background-media":"","overlay-type":"","overlay-color":"","overlay-gradient":""}},"ast-content-background-meta":{"desktop":{"background-color":"var(--ast-global-color-5)","background-image":"","background-repeat":"repeat","background-position":"center center","background-size":"auto","background-attachment":"scroll","background-type":"","background-media":"","overlay-type":"","overlay-color":"","overlay-gradient":""},"tablet":{"background-color":"var(--ast-global-color-5)","background-image":"","background-repeat":"repeat","background-position":"center center","background-size":"auto","background-attachment":"scroll","background-type":"","background-media":"","overlay-type":"","overlay-color":"","overlay-gradient":""},"mobile":{"background-color":"var(--ast-global-color-5)","background-image":"","background-repeat":"repeat","background-position":"center center","background-size":"auto","background-attachment":"scroll","background-type":"","background-media":"","overlay-type":"","overlay-color":"","overlay-gradient":""}},"footnotes":""},"class_list":["post-2039","page","type-page","status-publish","hentry"],"_links":{"self":[{"href":"https:\/\/www.fondation-minou-amir-aslani.com\/en\/wp-json\/wp\/v2\/pages\/2039","targetHints":{"allow":["GET"]}}],"collection":[{"href":"https:\/\/www.fondation-minou-amir-aslani.com\/en\/wp-json\/wp\/v2\/pages"}],"about":[{"href":"https:\/\/www.fondation-minou-amir-aslani.com\/en\/wp-json\/wp\/v2\/types\/page"}],"author":[{"embeddable":true,"href":"https:\/\/www.fondation-minou-amir-aslani.com\/en\/wp-json\/wp\/v2\/users\/1"}],"replies":[{"embeddable":true,"href":"https:\/\/www.fondation-minou-amir-aslani.com\/en\/wp-json\/wp\/v2\/comments?post=2039"}],"version-history":[{"count":105,"href":"https:\/\/www.fondation-minou-amir-aslani.com\/en\/wp-json\/wp\/v2\/pages\/2039\/revisions"}],"predecessor-version":[{"id":2147,"href":"https:\/\/www.fondation-minou-amir-aslani.com\/en\/wp-json\/wp\/v2\/pages\/2039\/revisions\/2147"}],"up":[{"embeddable":true,"href":"https:\/\/www.fondation-minou-amir-aslani.com\/en\/wp-json\/wp\/v2\/pages\/518"}],"wp:attachment":[{"href":"https:\/\/www.fondation-minou-amir-aslani.com\/en\/wp-json\/wp\/v2\/media?parent=2039"}],"curies":[{"name":"wp","href":"https:\/\/api.w.org\/{rel}","templated":true}]}}