{"id":1958,"date":"2024-07-11T10:11:40","date_gmt":"2024-07-11T08:11:40","guid":{"rendered":"https:\/\/www.fondation-minou-amir-aslani.com\/?page_id=1958"},"modified":"2024-07-12T12:00:10","modified_gmt":"2024-07-12T10:00:10","slug":"hommage-a-minou-amir-aslani","status":"publish","type":"page","link":"https:\/\/www.fondation-minou-amir-aslani.com\/en\/hommage-a-minou-amir-aslani\/","title":{"rendered":"Hommage \u00e0 Minou Amir-Aslani"},"content":{"rendered":"<div data-elementor-type=\"wp-page\" data-elementor-id=\"1958\" class=\"elementor elementor-1958\" data-elementor-post-type=\"page\">\n\t\t\t\t\t\t<section class=\"elementor-section elementor-top-section elementor-element elementor-element-1b3f3069 elementor-section-height-min-height elementor-section-items-stretch elementor-section-content-middle elementor-section-boxed elementor-section-height-default\" data-id=\"1b3f3069\" data-element_type=\"section\" data-e-type=\"section\" data-settings=\"{&quot;background_background&quot;:&quot;classic&quot;}\">\n\t\t\t\t\t\t<div class=\"elementor-container elementor-column-gap-no\">\n\t\t\t\t\t<div class=\"elementor-column elementor-col-100 elementor-top-column elementor-element elementor-element-36f43d2\" data-id=\"36f43d2\" data-element_type=\"column\" data-e-type=\"column\">\n\t\t\t<div class=\"elementor-widget-wrap elementor-element-populated\">\n\t\t\t\t\t\t<div class=\"elementor-element elementor-element-5d822945 elementor-invisible elementor-widget elementor-widget-heading\" data-id=\"5d822945\" data-element_type=\"widget\" data-e-type=\"widget\" data-settings=\"{&quot;_animation&quot;:&quot;fadeIn&quot;}\" data-widget_type=\"heading.default\">\n\t\t\t\t<div class=\"elementor-widget-container\">\n\t\t\t\t\t<h1 class=\"elementor-heading-title elementor-size-large\">Hommage \u00e0 Minou AMIR-ASLANI<\/h1>\t\t\t\t<\/div>\n\t\t\t\t<\/div>\n\t\t\t\t<div class=\"elementor-element elementor-element-577b9ad1 elementor-widget-divider--view-line elementor-invisible elementor-widget elementor-widget-divider\" data-id=\"577b9ad1\" data-element_type=\"widget\" data-e-type=\"widget\" data-settings=\"{&quot;_animation&quot;:&quot;fadeIn&quot;,&quot;_animation_delay&quot;:&quot;200&quot;}\" data-widget_type=\"divider.default\">\n\t\t\t\t<div class=\"elementor-widget-container\">\n\t\t\t\t\t\t\t<div class=\"elementor-divider\">\n\t\t\t<span class=\"elementor-divider-separator\">\n\t\t\t\t\t\t<\/span>\n\t\t<\/div>\n\t\t\t\t\t\t<\/div>\n\t\t\t\t<\/div>\n\t\t\t\t<div class=\"elementor-element elementor-element-1b0ab474 elementor-invisible elementor-widget elementor-widget-text-editor\" data-id=\"1b0ab474\" data-element_type=\"widget\" data-e-type=\"widget\" data-settings=\"{&quot;_animation&quot;:&quot;fadeIn&quot;}\" data-widget_type=\"text-editor.default\">\n\t\t\t\t<div class=\"elementor-widget-container\">\n\t\t\t\t\t\t\t\t\t<h4 style=\"text-align: center;\">Lettre de Ma\u00eetre Ardavan Amir-Aslani<\/h4>\t\t\t\t\t\t\t\t<\/div>\n\t\t\t\t<\/div>\n\t\t\t\t\t<\/div>\n\t\t<\/div>\n\t\t\t\t\t<\/div>\n\t\t<\/section>\n\t\t\t\t<section class=\"elementor-section elementor-top-section elementor-element elementor-element-2295e61 elementor-section-boxed elementor-section-height-default elementor-section-height-default\" data-id=\"2295e61\" data-element_type=\"section\" data-e-type=\"section\">\n\t\t\t\t\t\t<div class=\"elementor-container elementor-column-gap-default\">\n\t\t\t\t\t<div class=\"elementor-column elementor-col-100 elementor-top-column elementor-element elementor-element-8f0418e\" data-id=\"8f0418e\" data-element_type=\"column\" data-e-type=\"column\">\n\t\t\t<div class=\"elementor-widget-wrap elementor-element-populated\">\n\t\t\t\t\t\t<section class=\"elementor-section elementor-inner-section elementor-element elementor-element-44e4182 elementor-section-boxed elementor-section-height-default elementor-section-height-default\" data-id=\"44e4182\" data-element_type=\"section\" data-e-type=\"section\">\n\t\t\t\t\t\t<div class=\"elementor-container elementor-column-gap-default\">\n\t\t\t\t\t<div class=\"elementor-column elementor-col-50 elementor-inner-column elementor-element elementor-element-09367bf\" data-id=\"09367bf\" data-element_type=\"column\" data-e-type=\"column\">\n\t\t\t<div class=\"elementor-widget-wrap elementor-element-populated\">\n\t\t\t\t\t\t<div class=\"elementor-element elementor-element-2df4c55 elementor-widget elementor-widget-image\" data-id=\"2df4c55\" data-element_type=\"widget\" data-e-type=\"widget\" data-widget_type=\"image.default\">\n\t\t\t\t<div class=\"elementor-widget-container\">\n\t\t\t\t\t\t\t\t\t\t\t\t\t\t\t<img decoding=\"async\" src=\"https:\/\/www.fondation-minou-amir-aslani.com\/wp-content\/uploads\/2022\/09\/IMG-20220920-WA0000.jpg\" title=\"IMG-20220920-WA0000\" alt=\"IMG-20220920-WA0000\" loading=\"lazy\" \/>\t\t\t\t\t\t\t\t\t\t\t\t\t\t\t<\/div>\n\t\t\t\t<\/div>\n\t\t\t\t\t<\/div>\n\t\t<\/div>\n\t\t\t\t<div class=\"elementor-column elementor-col-50 elementor-inner-column elementor-element elementor-element-a0939cf\" data-id=\"a0939cf\" data-element_type=\"column\" data-e-type=\"column\">\n\t\t\t<div class=\"elementor-widget-wrap elementor-element-populated\">\n\t\t\t\t\t\t<div class=\"elementor-element elementor-element-d618812 elementor-widget elementor-widget-text-editor\" data-id=\"d618812\" data-element_type=\"widget\" data-e-type=\"widget\" data-widget_type=\"text-editor.default\">\n\t\t\t\t<div class=\"elementor-widget-container\">\n\t\t\t\t\t\t\t\t\t<p>Chers visiteurs,<\/p>\n<p>C\u2019est avec une profonde \u00e9motion que je vous pr\u00e9sente la Fondation Minou Amir-Aslani, cr\u00e9\u00e9e en f\u00e9vrier 2019 en hommage \u00e0 ma m\u00e8re, Minou Amir-Aslani. Cette Fondation est n\u00e9e de ma volont\u00e9 de p\u00e9renniser la m\u00e9moire de ma m\u00e8re en soutenant les causes qui lui \u00e9taient ch\u00e8res et en faisant rayonner son nom.<\/p>\n<p><span style=\"font-family: 'Calibri',sans-serif;\">Ma m\u00e8re, Minou Amir-Aslani, n\u00e9e le 18 janvier 1935 \u00e0 T\u00e9h\u00e9ran et d\u00e9c\u00e9d\u00e9e \u00e0 Paris le 13 septembre 2010, \u00e9tait une femme d\u2019exception, dot\u00e9e d\u2019une \u00e9l\u00e9gance et d\u2019une g\u00e9n\u00e9rosit\u00e9 rares. Tout au long de sa vie, elle a \u0153uvr\u00e9 pour l\u2019ouverture d\u2019esprit et l\u2019acc\u00e8s \u00e0 l\u2019\u00e9ducation, deux valeurs qu\u2019elle portait en elle avec une passion in\u00e9gal\u00e9e. Elle \u00e9tait une virtuose du piano, fervente admiratrice des valeurs essentielles prodigu\u00e9es par l\u2019enseignement sup\u00e9rieur, passionn\u00e9e de l\u2019histoire napol\u00e9onienne et particuli\u00e8rement ouverte sur le monde. Minou Amir-Aslani a toujours soutenu l\u2019enseignement de la Musique, des Arts, de l\u2019Histoire et des Lettres, et c&rsquo;est cette passion que la Fondation s&rsquo;efforce de perp\u00e9tuer.<\/span><\/p>\n<p><span style=\"font-family: 'Calibri',sans-serif;\">Aujourd\u2019hui, la Fondation Minou Amir-Aslani d\u00e9ploie, sur le territoire national, des actions en faveur de la jeunesse et de la transmission de savoirs. La Fondation attribue des bourses d&rsquo;\u00e9tudes, des subventions pour soutenir l&rsquo;enseignement en g\u00e9n\u00e9ral et la poursuite d&rsquo;\u00e9tudes, particuli\u00e8rement dans les domaines chers \u00e0 ma m\u00e8re. De nombreuses actions philanthropiques ont \u00e9t\u00e9 men\u00e9es aupr\u00e8s d&rsquo;organismes prestigieux tels que l&rsquo;\u00c9cole normale de musique, l&rsquo;Ordre de la Lib\u00e9ration, l&rsquo;Op\u00e9ra de Paris, la Fondation Napol\u00e9on et le 1<sup>er<\/sup> r\u00e9giment de hussards parachutistes de Tarbes de Bercheny. En honorant sa m\u00e9moire, la Fondation vise \u00e0 ouvrir des horizons pour les jeunes g\u00e9n\u00e9rations et \u00e0 encourager la cr\u00e9ativit\u00e9 et l&rsquo;excellence acad\u00e9mique.<\/span><\/p>\n<p><span style=\"font-family: 'Calibri',sans-serif;\">Parmi les initiatives phares, le Prix de la Fondation Minou Amir-Aslani de l\u2019essai g\u00e9opolitique sur le Proche-Orient, destin\u00e9 \u00e0 r\u00e9compenser le meilleur essai dans ce domaine, qui s\u2019inscrit dans la conviction profonde que la r\u00e9flexion g\u00e9opolitique est essentielle pour comprendre et fa\u00e7onner le monde de demain. De plus, un Prix th\u00e9\u00e2tral a \u00e9t\u00e9 cr\u00e9\u00e9 pour r\u00e9compenser l\u2019\u00e9criture et la mise en sc\u00e8ne de pi\u00e8ces contemporaines fran\u00e7aises. Ces prix illustrent l\u2019engagement de la Fondation \u00e0 promouvoir l\u2019\u00e9ducation et les Arts sous toutes leurs formes.<\/span><\/p>\n<p><span style=\"font-family: 'Calibri',sans-serif;\">En conclusion, la Fondation est un pont entre le pass\u00e9 et le pr\u00e9sent, non seulement un hommage \u00e0 une femme exceptionnelle mais aussi un vecteur de transformation pour un avenir meilleur.&nbsp;<\/span><\/p>\n<p><span style=\"font-family: 'Calibri',sans-serif;\">Je vous invite \u00e0 d\u00e9couvrir et \u00e0 soutenir les actions de la Fondation Minou Amir-Aslani et \u00e0 partager son engagement pour un monde o\u00f9 l&rsquo;\u00e9ducation, les Arts et la connaissance sont des priorit\u00e9s. Ensemble, nous pouvons faire en sorte que le nom de Minou Amir-Aslani continue d&rsquo;inspirer et d&rsquo;\u00e9clairer les g\u00e9n\u00e9rations futures.<\/span><\/p>\n<p><\/p>\n<p><span style=\"font-family: 'Calibri',sans-serif;\">Avec gratitude,<\/span><\/p>\n<div style=\"text-align: right;\">\n<strong><span style=\"font-family: 'Calibri',sans-serif; mso-fareast-font-family: 'Times New Roman'; mso-fareast-theme-font: major-fareast;\">Ardavan Amir-Aslani<\/span><\/strong><p><\/p>\n<\/div>\t\t\t\t\t\t\t\t<\/div>\n\t\t\t\t<\/div>\n\t\t\t\t\t<\/div>\n\t\t<\/div>\n\t\t\t\t\t<\/div>\n\t\t<\/section>\n\t\t\t\t\t<\/div>\n\t\t<\/div>\n\t\t\t\t\t<\/div>\n\t\t<\/section>\n\t\t\t\t<section class=\"elementor-section elementor-top-section elementor-element elementor-element-356c5910 elementor-section-content-top elementor-section-boxed elementor-section-height-default elementor-section-height-default\" data-id=\"356c5910\" data-element_type=\"section\" data-e-type=\"section\" data-settings=\"{&quot;background_background&quot;:&quot;classic&quot;}\">\n\t\t\t\t\t\t<div class=\"elementor-container elementor-column-gap-no\">\n\t\t\t\t\t<div class=\"elementor-column elementor-col-50 elementor-top-column elementor-element elementor-element-692625bb\" data-id=\"692625bb\" data-element_type=\"column\" data-e-type=\"column\">\n\t\t\t<div class=\"elementor-widget-wrap\">\n\t\t\t\t\t\t\t<\/div>\n\t\t<\/div>\n\t\t\t\t<div class=\"elementor-column elementor-col-50 elementor-top-column elementor-element elementor-element-5374c490\" data-id=\"5374c490\" data-element_type=\"column\" data-e-type=\"column\">\n\t\t\t<div class=\"elementor-widget-wrap elementor-element-populated\">\n\t\t\t\t\t\t<div class=\"elementor-element elementor-element-15b2e7f3 elementor-mobile-align-center elementor-align-end elementor-icon-list--layout-traditional elementor-list-item-link-full_width elementor-widget elementor-widget-icon-list\" data-id=\"15b2e7f3\" data-element_type=\"widget\" data-e-type=\"widget\" data-widget_type=\"icon-list.default\">\n\t\t\t\t<div class=\"elementor-widget-container\">\n\t\t\t\t\t\t\t<ul class=\"elementor-icon-list-items\">\n\t\t\t\t\t\t\t<li class=\"elementor-icon-list-item\">\n\t\t\t\t\t\t\t\t\t\t\t<a href=\"\/en\/mentions-legales\/\">\n\n\t\t\t\t\t\t\t\t\t\t\t<span class=\"elementor-icon-list-text\">Legal Information<\/span>\n\t\t\t\t\t\t\t\t\t\t\t<\/a>\n\t\t\t\t\t\t\t\t\t<\/li>\n\t\t\t\t\t\t\t\t<li class=\"elementor-icon-list-item\">\n\t\t\t\t\t\t\t\t\t\t\t<a href=\"\/en\/histoire\/\">\n\n\t\t\t\t\t\t\t\t\t\t\t<span class=\"elementor-icon-list-text\">The Foundation<\/span>\n\t\t\t\t\t\t\t\t\t\t\t<\/a>\n\t\t\t\t\t\t\t\t\t<\/li>\n\t\t\t\t\t\t\t\t<li class=\"elementor-icon-list-item\">\n\t\t\t\t\t\t\t\t\t\t\t<a href=\"\/en\/informations-pratiques\/\">\n\n\t\t\t\t\t\t\t\t\t\t\t<span class=\"elementor-icon-list-text\">Contact<\/span>\n\t\t\t\t\t\t\t\t\t\t\t<\/a>\n\t\t\t\t\t\t\t\t\t<\/li>\n\t\t\t\t\t\t<\/ul>\n\t\t\t\t\t\t<\/div>\n\t\t\t\t<\/div>\n\t\t\t\t\t<\/div>\n\t\t<\/div>\n\t\t\t\t\t<\/div>\n\t\t<\/section>\n\t\t\t\t<\/div>","protected":false},"excerpt":{"rendered":"<p>Hommage \u00e0 Minou AMIR-ASLANI Lettre de Ma\u00eetre Ardavan Amir-Aslani Chers visiteurs, C\u2019est avec une profonde \u00e9motion que je vous pr\u00e9sente la Fondation Minou Amir-Aslani, cr\u00e9\u00e9e en f\u00e9vrier 2019 en hommage \u00e0 ma m\u00e8re, Minou Amir-Aslani. Cette Fondation est n\u00e9e de ma volont\u00e9 de p\u00e9renniser la m\u00e9moire de ma m\u00e8re en soutenant les causes qui lui [&hellip;]<\/p>\n","protected":false},"author":1,"featured_media":0,"parent":0,"menu_order":0,"comment_status":"closed","ping_status":"closed","template":"","meta":{"_crdt_document":"","site-sidebar-layout":"no-sidebar","site-content-layout":"page-builder","ast-site-content-layout":"full-width-container","site-content-style":"default","site-sidebar-style":"default","ast-global-header-display":"","ast-banner-title-visibility":"","ast-main-header-display":"","ast-hfb-above-header-display":"","ast-hfb-below-header-display":"","ast-hfb-mobile-header-display":"","site-post-title":"disabled","ast-breadcrumbs-content":"","ast-featured-img":"disabled","footer-sml-layout":"","theme-transparent-header-meta":"","adv-header-id-meta":"","stick-header-meta":"","header-above-stick-meta":"","header-main-stick-meta":"","header-below-stick-meta":"","astra-migrate-meta-layouts":"set","ast-page-background-enabled":"default","ast-page-background-meta":{"desktop":{"background-color":"var(--ast-global-color-4)","background-image":"","background-repeat":"repeat","background-position":"center center","background-size":"auto","background-attachment":"scroll","background-type":"","background-media":"","overlay-type":"","overlay-color":"","overlay-gradient":""},"tablet":{"background-color":"","background-image":"","background-repeat":"repeat","background-position":"center center","background-size":"auto","background-attachment":"scroll","background-type":"","background-media":"","overlay-type":"","overlay-color":"","overlay-gradient":""},"mobile":{"background-color":"","background-image":"","background-repeat":"repeat","background-position":"center center","background-size":"auto","background-attachment":"scroll","background-type":"","background-media":"","overlay-type":"","overlay-color":"","overlay-gradient":""}},"ast-content-background-meta":{"desktop":{"background-color":"var(--ast-global-color-5)","background-image":"","background-repeat":"repeat","background-position":"center center","background-size":"auto","background-attachment":"scroll","background-type":"","background-media":"","overlay-type":"","overlay-color":"","overlay-gradient":""},"tablet":{"background-color":"var(--ast-global-color-5)","background-image":"","background-repeat":"repeat","background-position":"center center","background-size":"auto","background-attachment":"scroll","background-type":"","background-media":"","overlay-type":"","overlay-color":"","overlay-gradient":""},"mobile":{"background-color":"var(--ast-global-color-5)","background-image":"","background-repeat":"repeat","background-position":"center center","background-size":"auto","background-attachment":"scroll","background-type":"","background-media":"","overlay-type":"","overlay-color":"","overlay-gradient":""}},"footnotes":""},"class_list":["post-1958","page","type-page","status-publish","hentry"],"_links":{"self":[{"href":"https:\/\/www.fondation-minou-amir-aslani.com\/en\/wp-json\/wp\/v2\/pages\/1958","targetHints":{"allow":["GET"]}}],"collection":[{"href":"https:\/\/www.fondation-minou-amir-aslani.com\/en\/wp-json\/wp\/v2\/pages"}],"about":[{"href":"https:\/\/www.fondation-minou-amir-aslani.com\/en\/wp-json\/wp\/v2\/types\/page"}],"author":[{"embeddable":true,"href":"https:\/\/www.fondation-minou-amir-aslani.com\/en\/wp-json\/wp\/v2\/users\/1"}],"replies":[{"embeddable":true,"href":"https:\/\/www.fondation-minou-amir-aslani.com\/en\/wp-json\/wp\/v2\/comments?post=1958"}],"version-history":[{"count":54,"href":"https:\/\/www.fondation-minou-amir-aslani.com\/en\/wp-json\/wp\/v2\/pages\/1958\/revisions"}],"predecessor-version":[{"id":2014,"href":"https:\/\/www.fondation-minou-amir-aslani.com\/en\/wp-json\/wp\/v2\/pages\/1958\/revisions\/2014"}],"wp:attachment":[{"href":"https:\/\/www.fondation-minou-amir-aslani.com\/en\/wp-json\/wp\/v2\/media?parent=1958"}],"curies":[{"name":"wp","href":"https:\/\/api.w.org\/{rel}","templated":true}]}}