{"id":1938,"date":"2024-07-09T08:41:43","date_gmt":"2024-07-09T06:41:43","guid":{"rendered":"https:\/\/www.fondation-minou-amir-aslani.com\/?page_id=1938"},"modified":"2025-02-11T11:59:15","modified_gmt":"2025-02-11T10:59:15","slug":"temoignages-et-remerciements","status":"publish","type":"page","link":"https:\/\/www.fondation-minou-amir-aslani.com\/en\/temoignages-et-remerciements\/","title":{"rendered":"T\u00e9moignages et Remerciements"},"content":{"rendered":"<div data-elementor-type=\"wp-page\" data-elementor-id=\"1938\" class=\"elementor elementor-1938\" data-elementor-post-type=\"page\">\n\t\t\t\t\t\t<section class=\"elementor-section elementor-top-section elementor-element elementor-element-488d1746 elementor-section-height-min-height elementor-section-items-stretch elementor-section-content-middle elementor-section-boxed elementor-section-height-default\" data-id=\"488d1746\" data-element_type=\"section\" data-e-type=\"section\" data-settings=\"{&quot;background_background&quot;:&quot;classic&quot;}\">\n\t\t\t\t\t\t<div class=\"elementor-container elementor-column-gap-no\">\n\t\t\t\t\t<div class=\"elementor-column elementor-col-100 elementor-top-column elementor-element elementor-element-2b782544\" data-id=\"2b782544\" data-element_type=\"column\" data-e-type=\"column\">\n\t\t\t<div class=\"elementor-widget-wrap elementor-element-populated\">\n\t\t\t\t\t\t<div class=\"elementor-element elementor-element-25bc9ab1 elementor-invisible elementor-widget elementor-widget-heading\" data-id=\"25bc9ab1\" data-element_type=\"widget\" data-e-type=\"widget\" data-settings=\"{&quot;_animation&quot;:&quot;fadeIn&quot;}\" data-widget_type=\"heading.default\">\n\t\t\t\t<div class=\"elementor-widget-container\">\n\t\t\t\t\t<h1 class=\"elementor-heading-title elementor-size-large\">T\u00e9moignages et Remerciements<\/h1>\t\t\t\t<\/div>\n\t\t\t\t<\/div>\n\t\t\t\t<div class=\"elementor-element elementor-element-22673e69 elementor-widget-divider--view-line elementor-invisible elementor-widget elementor-widget-divider\" data-id=\"22673e69\" data-element_type=\"widget\" data-e-type=\"widget\" data-settings=\"{&quot;_animation&quot;:&quot;fadeIn&quot;,&quot;_animation_delay&quot;:&quot;200&quot;}\" data-widget_type=\"divider.default\">\n\t\t\t\t<div class=\"elementor-widget-container\">\n\t\t\t\t\t\t\t<div class=\"elementor-divider\">\n\t\t\t<span class=\"elementor-divider-separator\">\n\t\t\t\t\t\t<\/span>\n\t\t<\/div>\n\t\t\t\t\t\t<\/div>\n\t\t\t\t<\/div>\n\t\t\t\t<div class=\"elementor-element elementor-element-7e52fdf6 elementor-invisible elementor-widget elementor-widget-text-editor\" data-id=\"7e52fdf6\" data-element_type=\"widget\" data-e-type=\"widget\" data-settings=\"{&quot;_animation&quot;:&quot;fadeIn&quot;}\" data-widget_type=\"text-editor.default\">\n\t\t\t\t<div class=\"elementor-widget-container\">\n\t\t\t\t\t\t\t\t\t<p style=\"text-align: center;\">Ces t\u00e9moignages sont une reconnaissance de l&rsquo;impact significatif que la Fondation Minou Amir-Aslani a eu sur la vie des b\u00e9n\u00e9ficiaires. Que ces histoires inspirent et refl\u00e8tent l&rsquo;engagement et la mission de la Fondation.<\/p>\t\t\t\t\t\t\t\t<\/div>\n\t\t\t\t<\/div>\n\t\t\t\t\t<\/div>\n\t\t<\/div>\n\t\t\t\t\t<\/div>\n\t\t<\/section>\n\t\t\t\t<section class=\"elementor-section elementor-top-section elementor-element elementor-element-46015aa6 elementor-section-height-min-height elementor-section-items-top elementor-section-content-top elementor-section-boxed elementor-section-height-default\" data-id=\"46015aa6\" data-element_type=\"section\" data-e-type=\"section\" data-settings=\"{&quot;background_background&quot;:&quot;classic&quot;}\">\n\t\t\t\t\t\t\t<div class=\"elementor-background-overlay\"><\/div>\n\t\t\t\t\t\t\t<div class=\"elementor-container elementor-column-gap-no\">\n\t\t\t\t\t<div class=\"elementor-column elementor-col-100 elementor-top-column elementor-element elementor-element-6676ce18\" data-id=\"6676ce18\" data-element_type=\"column\" data-e-type=\"column\">\n\t\t\t<div class=\"elementor-widget-wrap elementor-element-populated\">\n\t\t\t\t\t\t<section class=\"elementor-section elementor-inner-section elementor-element elementor-element-1a5fa9d3 elementor-section-full_width elementor-section-height-default elementor-section-height-default\" data-id=\"1a5fa9d3\" data-element_type=\"section\" data-e-type=\"section\">\n\t\t\t\t\t\t<div class=\"elementor-container elementor-column-gap-default\">\n\t\t\t\t\t<div class=\"elementor-column elementor-col-100 elementor-inner-column elementor-element elementor-element-4307c3d5\" data-id=\"4307c3d5\" data-element_type=\"column\" data-e-type=\"column\">\n\t\t\t<div class=\"elementor-widget-wrap elementor-element-populated\">\n\t\t\t\t\t\t<div class=\"elementor-element elementor-element-71e067c9 elementor-position-left elementor-vertical-align-top elementor-widget elementor-widget-image-box\" data-id=\"71e067c9\" data-element_type=\"widget\" data-e-type=\"widget\" data-widget_type=\"image-box.default\">\n\t\t\t\t<div class=\"elementor-widget-container\">\n\t\t\t\t\t<div class=\"elementor-image-box-wrapper\"><figure class=\"elementor-image-box-img\"><img fetchpriority=\"high\" decoding=\"async\" width=\"280\" height=\"194\" src=\"https:\/\/www.fondation-minou-amir-aslani.com\/wp-content\/uploads\/2024\/07\/Insigne_regimentaire_du_1er_regiment_de_hussards_parachutistes.jpg\" class=\"attachment-full size-full wp-image-1943\" alt=\"\" srcset=\"https:\/\/www.fondation-minou-amir-aslani.com\/wp-content\/uploads\/2024\/07\/Insigne_regimentaire_du_1er_regiment_de_hussards_parachutistes.jpg 280w, https:\/\/www.fondation-minou-amir-aslani.com\/wp-content\/uploads\/2024\/07\/Insigne_regimentaire_du_1er_regiment_de_hussards_parachutistes-18x12.jpg 18w\" sizes=\"(max-width: 280px) 100vw, 280px\" \/><\/figure><div class=\"elementor-image-box-content\"><h4 class=\"elementor-image-box-title\">Lettre de remerciements du Colonel Christophe de Ligniville<\/h4><p class=\"elementor-image-box-description\"><p align=\"justify\">L\u2019Association Amicale des Hussards Parachutistes de Bercheny (AHPB) a pour objectif de promouvoir les traditions, la renomm\u00e9e ou la connaissance du 1er r\u00e9giment de hussards parachutistes. Elle anime toute activit\u00e9 \u00e0 caract\u00e8re culturel ou d\u2019entraide et agit par la publication de bulletins et brochures, la remise de prix ou de r\u00e9compenses, l\u2019organisation de loteries et d\u2019expositions, la mise en \u0153uvre de manifestations culturelles ou encore le soutien \u00e0 des projets d\u2019innovation internes au r\u00e9giment.\nLa Fondation Minou Amir-Aslani soutient l\u2019association afin de venir en aide aux bless\u00e9s et familles des bless\u00e9s ou morts pour la France, appartenant \u00e0 la grande famille des hussards de Bercheny.\nVoici un extrait du courrier de remerciements adress\u00e9 par le Colonel Christophe de Ligniville, Commandant le 1er r\u00e9giment de hussards parachutistes, \u00e0 Ma\u00eetre Ardavan Amir-Aslani, fondateur de la Fondation :<\/p><\/p><\/div><\/div>\t\t\t\t<\/div>\n\t\t\t\t<\/div>\n\t\t\t\t\t<\/div>\n\t\t<\/div>\n\t\t\t\t\t<\/div>\n\t\t<\/section>\n\t\t\t\t\t<\/div>\n\t\t<\/div>\n\t\t\t\t\t<\/div>\n\t\t<\/section>\n\t\t\t\t<section class=\"elementor-section elementor-top-section elementor-element elementor-element-5a02f70 elementor-section-boxed elementor-section-height-default elementor-section-height-default\" data-id=\"5a02f70\" data-element_type=\"section\" data-e-type=\"section\">\n\t\t\t\t\t\t<div class=\"elementor-container elementor-column-gap-default\">\n\t\t\t\t\t<div class=\"elementor-column elementor-col-100 elementor-top-column elementor-element elementor-element-695aff9\" data-id=\"695aff9\" data-element_type=\"column\" data-e-type=\"column\">\n\t\t\t<div class=\"elementor-widget-wrap elementor-element-populated\">\n\t\t\t\t\t\t<div class=\"elementor-element elementor-element-daf3124 elementor-widget elementor-widget-text-editor\" data-id=\"daf3124\" data-element_type=\"widget\" data-e-type=\"widget\" data-widget_type=\"text-editor.default\">\n\t\t\t\t<div class=\"elementor-widget-container\">\n\t\t\t\t\t\t\t\t\t<p><em>Maitre,<\/em><\/p><p><em>J&rsquo;ai l&rsquo;honneur de vous exprimer, pour la seconde fois, toute la gratitude du 1er r\u00e9giment de hussards parachutistes pour le renouvellement de la subvention que votre Fondation a d\u00e9cid\u00e9 de nous octroyer par le biais de l&rsquo;Amicale des hussards parachutistes de Bercheny.<\/em><\/p><p><em>De nombreux projets ont \u00e9t\u00e9 conduits gr\u00e2ce au premier don, pour la majorit\u00e9 des activit\u00e9s collectives incluant les familles des bless\u00e9s ou morts pour la France avec les autres familles du 1er r\u00e9giment de hussards parachutistes (visite \u00e0 la Cit\u00e9 de l&rsquo;Espace, spectacle de No\u00ebl au regiment pour les enfants, animations socio-\u00e9ducatives, week-end famille sports d&rsquo;hiver au chalet de Bar\u00e8ges&#8230;).<\/em><\/p><p><em>L&rsquo;association garde la m\u00eame ligne de conduite en 2024, tant sur les valeurs qu&rsquo;elle porte que sur les objectifs et types de projets qu&rsquo;elle souhaite mener \u00e0 terme. Elle continue d&rsquo;\u00eatre le pilier indispensable de la vie au r\u00e9giment et d&rsquo;apporter son aide \u00e0 chacun de ses membres et de leur famille. L&rsquo;Amicale des hussards parachutistes de Bercheny soutenue par la Fondation Minou Amir-Aslani, d\u00e9sire continuer son action en ce sens gr\u00e2ce \u00e0 cette nouvelle subvention et offrir aux familles de bless\u00e9s et de d\u00e9c\u00e9d\u00e9s du r\u00e9giment une aide particuli\u00e8re.<\/em><\/p><p><em>Au nom de la grande famille des hussards parachutistes de Bercheny, je vous r\u00e9it\u00e8re mes plus sinc\u00e8res remerciements, car c&rsquo;est bien votre Fondation qui rend cela possible.<\/em><br \/><em><br \/><\/em><\/p><p><em><b>Colonel Christophe DE LIGNIVILLE,<\/b><br \/>Commandant le 1er r\u00e9giment de hussards parachutistes.<\/em><\/p>\t\t\t\t\t\t\t\t<\/div>\n\t\t\t\t<\/div>\n\t\t\t\t\t<\/div>\n\t\t<\/div>\n\t\t\t\t\t<\/div>\n\t\t<\/section>\n\t\t\t\t<section class=\"elementor-section elementor-top-section elementor-element elementor-element-211f5dd elementor-section-height-min-height elementor-section-items-top elementor-section-content-top elementor-section-boxed elementor-section-height-default\" data-id=\"211f5dd\" data-element_type=\"section\" data-e-type=\"section\" data-settings=\"{&quot;background_background&quot;:&quot;classic&quot;}\">\n\t\t\t\t\t\t\t<div class=\"elementor-background-overlay\"><\/div>\n\t\t\t\t\t\t\t<div class=\"elementor-container elementor-column-gap-no\">\n\t\t\t\t\t<div class=\"elementor-column elementor-col-100 elementor-top-column elementor-element elementor-element-1754b56\" data-id=\"1754b56\" data-element_type=\"column\" data-e-type=\"column\">\n\t\t\t<div class=\"elementor-widget-wrap elementor-element-populated\">\n\t\t\t\t\t\t<section class=\"elementor-section elementor-inner-section elementor-element elementor-element-5cdedeb elementor-section-full_width elementor-section-height-default elementor-section-height-default\" data-id=\"5cdedeb\" data-element_type=\"section\" data-e-type=\"section\">\n\t\t\t\t\t\t<div class=\"elementor-container elementor-column-gap-default\">\n\t\t\t\t\t<div class=\"elementor-column elementor-col-100 elementor-inner-column elementor-element elementor-element-d013e81\" data-id=\"d013e81\" data-element_type=\"column\" data-e-type=\"column\">\n\t\t\t<div class=\"elementor-widget-wrap elementor-element-populated\">\n\t\t\t\t\t\t<div class=\"elementor-element elementor-element-cff2767 elementor-position-left elementor-vertical-align-top elementor-widget elementor-widget-image-box\" data-id=\"cff2767\" data-element_type=\"widget\" data-e-type=\"widget\" data-widget_type=\"image-box.default\">\n\t\t\t\t<div class=\"elementor-widget-container\">\n\t\t\t\t\t<div class=\"elementor-image-box-wrapper\"><figure class=\"elementor-image-box-img\"><img decoding=\"async\" src=\"https:\/\/www.fondation-minou-amir-aslani.com\/wp-content\/uploads\/elementor\/thumbs\/ecole-alfred-cortot-r1cgq3rh8hpywgmnt4p6ezc3wymiczlavkz6ph79c0.jpg\" title=\"Screenshot\" alt=\"Screenshot\" loading=\"lazy\" \/><\/figure><div class=\"elementor-image-box-content\"><h4 class=\"elementor-image-box-title\">Lettre de remerciements de Murielle Hurel, Directrice de l\u2019\u00c9cole Normale de Musique de Paris<\/h4><p class=\"elementor-image-box-description\"><p align=\"justify\">Fond\u00e9e en 1919, l\u2019\u00c9cole Normale de Musique de Paris \u2013 Alfred Cortot est une institution d\u2019excellence qui forme chaque ann\u00e9e des musiciens issus du monde entier. Depuis 2016, la Fondation Minou Amir-Aslani soutient cette mission \u00e0 travers l\u2019attribution de bourses d\u2019\u00e9tudes \u00e0 de jeunes talents, permettant \u00e0 des artistes prometteurs de poursuivre leur formation au sein de cette prestigieuse \u00e9cole.\nEn janvier 2025, ce partenariat s\u2019est enrichi avec la cr\u00e9ation du Prix Minou Amir-Aslani pour l\u2019Art Lyrique, remis lors du premier Gala de la Voix, un concours-concert in\u00e9dit con\u00e7u comme une plateforme de visibilit\u00e9 et d\u2019opportunit\u00e9s pour les jeunes chanteurs lyriques. Cet \u00e9v\u00e9nement, port\u00e9 par la Fondation Minou Amir-Aslani, illustre l\u2019engagement continu en faveur de la transmission des savoirs et du soutien aux g\u00e9n\u00e9rations futures d\u2019artistes.\nC\u2019est dans ce cadre que Madame Murielle Hurel, Directrice de l\u2019\u00c9cole Normale de Musique de Paris, a adress\u00e9 une lettre de remerciements \u00e0 Ma\u00eetre Ardavan Amir-Aslani, fondateur de la Fondation Minou Amir-Aslani, exprimant toute la gratitude de l\u2019institution pour ce soutien essentiel \n:<\/p><\/p><\/div><\/div>\t\t\t\t<\/div>\n\t\t\t\t<\/div>\n\t\t\t\t\t<\/div>\n\t\t<\/div>\n\t\t\t\t\t<\/div>\n\t\t<\/section>\n\t\t\t\t\t<\/div>\n\t\t<\/div>\n\t\t\t\t\t<\/div>\n\t\t<\/section>\n\t\t\t\t<section class=\"elementor-section elementor-top-section elementor-element elementor-element-5b6b9a2 elementor-section-boxed elementor-section-height-default elementor-section-height-default\" data-id=\"5b6b9a2\" data-element_type=\"section\" data-e-type=\"section\">\n\t\t\t\t\t\t<div class=\"elementor-container elementor-column-gap-default\">\n\t\t\t\t\t<div class=\"elementor-column elementor-col-100 elementor-top-column elementor-element elementor-element-b95b6f4\" data-id=\"b95b6f4\" data-element_type=\"column\" data-e-type=\"column\">\n\t\t\t<div class=\"elementor-widget-wrap elementor-element-populated\">\n\t\t\t\t\t\t<div class=\"elementor-element elementor-element-4f3dc0b elementor-widget elementor-widget-text-editor\" data-id=\"4f3dc0b\" data-element_type=\"widget\" data-e-type=\"widget\" data-widget_type=\"text-editor.default\">\n\t\t\t\t<div class=\"elementor-widget-container\">\n\t\t\t\t\t\t\t\t\t<p>Paris, le 04\/02\/2025<\/p><p><em>Cher Ma\u00eetre,<\/em><\/p><p><em>Au nom de l&rsquo;\u00c9cole Normale de Musique de Paris, je tiens \u00e0 vous adresser nos plus sinc\u00e8res remerciements pour le g\u00e9n\u00e9reux soutien de la Fondation Minou Amir-Aslani, qui nous honore une fois encore par sa bienveillance et son engagement en faveur des arts.<\/em><\/p><p><em>Gr\u00e2ce \u00e0 votre m\u00e9c\u00e9nat, nous avons pu donner naissance \u00e0 la premi\u00e8re \u00e9dition du Gala de la Voix, un \u00e9v\u00e9nement d&rsquo;une importance capitale pour la mise en lumi\u00e8re de jeunes talents et pour la transmission de l&rsquo;excellence musicale.<\/em><\/p><p><em>Votre soutien permet \u00e9galement d&rsquo;offrir deux pr\u00e9cieuses bourses \u00e0 de jeunes pianistes prometteurs, leur donnant ainsi les moyens de poursuivre leur formation dans les meilleures conditions. Nous leur souhaitons de conna\u00eetre le m\u00eame destin musical que le fondateur de notre \u00e9cole, dont l&rsquo;enseignement accompagne encore aujourd&rsquo;hui nos jeunes musiciens.<\/em><\/p><p><em>\u00c0 l&rsquo;instar d&rsquo;Alfred Cortot, l&rsquo;h\u00e9ritage de Madame Minou Amir-Aslani continue d&rsquo;inspirer, \u00e0 travers la Fondation qui porte son nom, des g\u00e9n\u00e9rations d\u2019artistes en devenir. Nous sommes honor\u00e9s de b\u00e9n\u00e9ficier de son aura bienveillante et profond\u00e9ment admiratifs de votre volont\u00e9 de perp\u00e9tuer son amour de la culture en soutenant ceux qui en seront les ambassadeurs de demain.<\/em><\/p><p><em>Soyez assur\u00e9, cher Ma\u00eetre, de notre immense gratitude et de notre profond respect pour votre engagement en faveur de la musique et des jeunes artistes.<\/em><\/p><p><em>Nous esp\u00e9rons avoir le plaisir de vous accueillir prochainement \u00e0 l&rsquo;\u00c9cole pour partager ensemble les fruits de cette belle collaboration.<\/em><\/p><p><em>Avec toute notre reconnaissance,<\/em><br \/><em><br \/><\/em><\/p><p><em><b><strong>Murielle Hurel<\/strong>,<\/b><br \/>Directrice.<\/em><\/p>\t\t\t\t\t\t\t\t<\/div>\n\t\t\t\t<\/div>\n\t\t\t\t\t<\/div>\n\t\t<\/div>\n\t\t\t\t\t<\/div>\n\t\t<\/section>\n\t\t\t\t<section class=\"elementor-section elementor-top-section elementor-element elementor-element-286a6dec elementor-section-content-top elementor-section-boxed elementor-section-height-default elementor-section-height-default\" data-id=\"286a6dec\" data-element_type=\"section\" data-e-type=\"section\" data-settings=\"{&quot;background_background&quot;:&quot;classic&quot;}\">\n\t\t\t\t\t\t<div class=\"elementor-container elementor-column-gap-no\">\n\t\t\t\t\t<div class=\"elementor-column elementor-col-50 elementor-top-column elementor-element elementor-element-62e2973e\" data-id=\"62e2973e\" data-element_type=\"column\" data-e-type=\"column\">\n\t\t\t<div class=\"elementor-widget-wrap\">\n\t\t\t\t\t\t\t<\/div>\n\t\t<\/div>\n\t\t\t\t<div class=\"elementor-column elementor-col-50 elementor-top-column elementor-element elementor-element-4b8b81f0\" data-id=\"4b8b81f0\" data-element_type=\"column\" data-e-type=\"column\">\n\t\t\t<div class=\"elementor-widget-wrap elementor-element-populated\">\n\t\t\t\t\t\t<div class=\"elementor-element elementor-element-501590f elementor-mobile-align-center elementor-align-end elementor-icon-list--layout-traditional elementor-list-item-link-full_width elementor-widget elementor-widget-icon-list\" data-id=\"501590f\" data-element_type=\"widget\" data-e-type=\"widget\" data-widget_type=\"icon-list.default\">\n\t\t\t\t<div class=\"elementor-widget-container\">\n\t\t\t\t\t\t\t<ul class=\"elementor-icon-list-items\">\n\t\t\t\t\t\t\t<li class=\"elementor-icon-list-item\">\n\t\t\t\t\t\t\t\t\t\t\t<a href=\"\/en\/mentions-legales\/\">\n\n\t\t\t\t\t\t\t\t\t\t\t<span class=\"elementor-icon-list-text\">Legal Information<\/span>\n\t\t\t\t\t\t\t\t\t\t\t<\/a>\n\t\t\t\t\t\t\t\t\t<\/li>\n\t\t\t\t\t\t\t\t<li class=\"elementor-icon-list-item\">\n\t\t\t\t\t\t\t\t\t\t\t<a href=\"\/en\/histoire\/\">\n\n\t\t\t\t\t\t\t\t\t\t\t<span class=\"elementor-icon-list-text\">The Foundation<\/span>\n\t\t\t\t\t\t\t\t\t\t\t<\/a>\n\t\t\t\t\t\t\t\t\t<\/li>\n\t\t\t\t\t\t\t\t<li class=\"elementor-icon-list-item\">\n\t\t\t\t\t\t\t\t\t\t\t<a href=\"\/en\/informations-pratiques\/\">\n\n\t\t\t\t\t\t\t\t\t\t\t<span class=\"elementor-icon-list-text\">Contact<\/span>\n\t\t\t\t\t\t\t\t\t\t\t<\/a>\n\t\t\t\t\t\t\t\t\t<\/li>\n\t\t\t\t\t\t<\/ul>\n\t\t\t\t\t\t<\/div>\n\t\t\t\t<\/div>\n\t\t\t\t\t<\/div>\n\t\t<\/div>\n\t\t\t\t\t<\/div>\n\t\t<\/section>\n\t\t\t\t<\/div>","protected":false},"excerpt":{"rendered":"<p>T\u00e9moignages et Remerciements Ces t\u00e9moignages sont une reconnaissance de l&rsquo;impact significatif que la Fondation Minou Amir-Aslani a eu sur la vie des b\u00e9n\u00e9ficiaires. Que ces histoires inspirent et refl\u00e8tent l&rsquo;engagement et la mission de la Fondation. Lettre de remerciements du Colonel Christophe de Ligniville L\u2019Association Amicale des Hussards Parachutistes de Bercheny (AHPB) a pour objectif [&hellip;]<\/p>\n","protected":false},"author":1,"featured_media":0,"parent":0,"menu_order":0,"comment_status":"closed","ping_status":"closed","template":"","meta":{"_crdt_document":"","site-sidebar-layout":"no-sidebar","site-content-layout":"page-builder","ast-site-content-layout":"full-width-container","site-content-style":"default","site-sidebar-style":"default","ast-global-header-display":"","ast-banner-title-visibility":"","ast-main-header-display":"","ast-hfb-above-header-display":"","ast-hfb-below-header-display":"","ast-hfb-mobile-header-display":"","site-post-title":"disabled","ast-breadcrumbs-content":"","ast-featured-img":"disabled","footer-sml-layout":"","theme-transparent-header-meta":"","adv-header-id-meta":"","stick-header-meta":"","header-above-stick-meta":"","header-main-stick-meta":"","header-below-stick-meta":"","astra-migrate-meta-layouts":"set","ast-page-background-enabled":"default","ast-page-background-meta":{"desktop":{"background-color":"var(--ast-global-color-4)","background-image":"","background-repeat":"repeat","background-position":"center center","background-size":"auto","background-attachment":"scroll","background-type":"","background-media":"","overlay-type":"","overlay-color":"","overlay-gradient":""},"tablet":{"background-color":"","background-image":"","background-repeat":"repeat","background-position":"center center","background-size":"auto","background-attachment":"scroll","background-type":"","background-media":"","overlay-type":"","overlay-color":"","overlay-gradient":""},"mobile":{"background-color":"","background-image":"","background-repeat":"repeat","background-position":"center center","background-size":"auto","background-attachment":"scroll","background-type":"","background-media":"","overlay-type":"","overlay-color":"","overlay-gradient":""}},"ast-content-background-meta":{"desktop":{"background-color":"var(--ast-global-color-5)","background-image":"","background-repeat":"repeat","background-position":"center center","background-size":"auto","background-attachment":"scroll","background-type":"","background-media":"","overlay-type":"","overlay-color":"","overlay-gradient":""},"tablet":{"background-color":"var(--ast-global-color-5)","background-image":"","background-repeat":"repeat","background-position":"center center","background-size":"auto","background-attachment":"scroll","background-type":"","background-media":"","overlay-type":"","overlay-color":"","overlay-gradient":""},"mobile":{"background-color":"var(--ast-global-color-5)","background-image":"","background-repeat":"repeat","background-position":"center center","background-size":"auto","background-attachment":"scroll","background-type":"","background-media":"","overlay-type":"","overlay-color":"","overlay-gradient":""}},"footnotes":""},"class_list":["post-1938","page","type-page","status-publish","hentry"],"_links":{"self":[{"href":"https:\/\/www.fondation-minou-amir-aslani.com\/en\/wp-json\/wp\/v2\/pages\/1938","targetHints":{"allow":["GET"]}}],"collection":[{"href":"https:\/\/www.fondation-minou-amir-aslani.com\/en\/wp-json\/wp\/v2\/pages"}],"about":[{"href":"https:\/\/www.fondation-minou-amir-aslani.com\/en\/wp-json\/wp\/v2\/types\/page"}],"author":[{"embeddable":true,"href":"https:\/\/www.fondation-minou-amir-aslani.com\/en\/wp-json\/wp\/v2\/users\/1"}],"replies":[{"embeddable":true,"href":"https:\/\/www.fondation-minou-amir-aslani.com\/en\/wp-json\/wp\/v2\/comments?post=1938"}],"version-history":[{"count":20,"href":"https:\/\/www.fondation-minou-amir-aslani.com\/en\/wp-json\/wp\/v2\/pages\/1938\/revisions"}],"predecessor-version":[{"id":2189,"href":"https:\/\/www.fondation-minou-amir-aslani.com\/en\/wp-json\/wp\/v2\/pages\/1938\/revisions\/2189"}],"wp:attachment":[{"href":"https:\/\/www.fondation-minou-amir-aslani.com\/en\/wp-json\/wp\/v2\/media?parent=1938"}],"curies":[{"name":"wp","href":"https:\/\/api.w.org\/{rel}","templated":true}]}}